{"id":63,"date":"2016-09-10T16:41:50","date_gmt":"2016-09-10T16:41:50","guid":{"rendered":"http:\/\/amzer-dremenet.fr\/wordpress\/?page_id=63"},"modified":"2016-09-16T22:58:33","modified_gmt":"2016-09-16T22:58:33","slug":"monographie-de-la-paroisse-de-pouldergat","status":"publish","type":"page","link":"https:\/\/amzer-dremenet.fr\/wordpress\/?page_id=63","title":{"rendered":"Monographie de la Paroisse de Pouldergat"},"content":{"rendered":"<p>Cette monographie provient des archives d\u00e9partementales du Finist\u00e8re, sous la c\u00f4te 16 J 59.<\/p>\n<p>Elle a \u00e9t\u00e9 r\u00e9dig\u00e9e\u00a0par Gaston Conen de Saint-Luc,\u00a0\u00a0propri\u00e9taire du ch\u00e2teau du Guilguiffin (Landudec) au d\u00e9but du si\u00e8cle dernier.<br \/>\n\t\t\t\t\t\t\t<h3 style=\"margin-bottom:20px ;display:block;width:100%;margin-top:10px\"> <\/h3>\r\n\t\t\t\t\t\t\t\t<style>\r\n\t\t\t\t\r\n\t\t\t\t\t#tab_container_186 {\r\n\toverflow:hidden;\r\n\tdisplay:block;\r\n\twidth:100%;\r\n\tborder:0px solid #ddd;\r\n\tmargin-bottom:30px;\r\n\t}\r\n\r\n#tab_container_186 .tab-content{\r\n\tpadding:20px;\r\n\tborder: 1px solid #e6e6e6 !important;\r\n\tmargin-top: 0px;\r\n\tbackground-color:#ffffff !important;\r\n\tcolor: #000000 !important;\r\n\tfont-size:16px !important;\r\n\tfont-family: Open Sans !important;\r\n\t\r\n\t\tborder: 1px solid #e6e6e6 !important;\r\n\t}\r\n#tab_container_186 .wpsm_nav-tabs {\r\n    border-bottom: 0px solid #ddd;\r\n}\r\n#tab_container_186 .wpsm_nav-tabs > li.active > a, #tab_container_186 .wpsm_nav-tabs > li.active > a:hover, #tab_container_186 .wpsm_nav-tabs > li.active > a:focus {\r\n\tcolor: #000000 !important;\r\n\tcursor: default;\r\n\tbackground-color: #ffffff !important;\r\n\tborder: 1px solid #e6e6e6 !important;\r\n}\r\n\r\n#tab_container_186 .wpsm_nav-tabs > li > a {\r\n    margin-right: 0px !important; \r\n    line-height: 1.42857143 !important;\r\n    border: 1px solid #d5d5d5 !important;\r\n    border-radius: 0px 0px 0 0 !important; \r\n\tbackground-color: #e8e8e8 !important;\r\n\tcolor: #000000 !important;\r\n\tpadding: 15px 18px 15px 18px !important;\r\n\ttext-decoration: none !important;\r\n\tfont-size: 14px !important;\r\n\ttext-align:center !important;\r\n\tfont-family: Open Sans !important;\r\n}\r\n#tab_container_186 .wpsm_nav-tabs > li > a:focus {\r\noutline: 0px !important;\r\n}\r\n\r\n#tab_container_186 .wpsm_nav-tabs > li > a:before {\r\n\tdisplay:none !important;\r\n}\r\n#tab_container_186 .wpsm_nav-tabs > li > a:after {\r\n\tdisplay:none !important ;\r\n}\r\n#tab_container_186 .wpsm_nav-tabs > li{\r\npadding:0px !important ;\r\nmargin:0px;\r\n}\r\n\r\n#tab_container_186 .wpsm_nav-tabs > li > a:hover , #tab_container_186 .wpsm_nav-tabs > li > a:focus {\r\n    color: #000000 !important;\r\n    background-color: #e8e8e8 !important;\r\n\tborder: 1px solid #d5d5d5 !important;\r\n\t\r\n}\r\n#tab_container_186 .wpsm_nav-tabs > li > a .fa{\r\n\r\nmargin-right:5px !important;\r\n\r\nmargin-left:5px !important;\r\n\r\n\r\n}\r\n\r\n\t\t#tab_container_186 .wpsm_nav-tabs a{\r\n\t\t\tbackground-image: none;\r\n\t\t\tbackground-position: 0 0;\r\n\t\t\tbackground-repeat: repeat-x;\r\n\t\t}\r\n\t\t\t\r\n\r\n\r\n#tab_container_186 .wpsm_nav-tabs > li {\r\n    float: left;\r\n    margin-bottom: -1px !important;\r\n\tmargin-right:0px !important; \r\n}\r\n\r\n\r\n#tab_container_186 .tab-content{\r\noverflow:hidden !important;\r\n}\r\n\r\n\r\n@media (min-width: 769px) {\r\n\r\n\t#tab_container_186 .wpsm_nav-tabs > li{\r\n\t\tfloat:left !important ;\r\n\t\t\t\tmargin-right:-1px !important;\r\n\t\t\t\t\t}\r\n\t#tab_container_186 .wpsm_nav-tabs{\r\n\t\tfloat:none !important;\r\n\t\tmargin:0px !important;\r\n\t}\r\n\r\n\t#tab_container_186 .wpsm_nav-tabs > li {\r\n\t\t\t\t\r\n\t}\r\n\t#tab_container_186 .wpsm_nav{\r\n\t\t\t}\r\n\r\n}\r\n\r\n\r\n\r\n@media (max-width: 768px) {\r\n\t#tab_container_186 .wpsm_nav-tabs > li {\r\n\t\t\t\t\r\n\t}\r\n\t#tab_container_186 .wpsm_nav{\r\n\t\t\t}\r\n}\r\n\r\n\r\n\t.wpsm_nav-tabs li:before{\r\n\t\tdisplay:none !important;\r\n\t}\r\n\r\n\t@media (max-width: 768px) {\r\n\t\t\t\t\r\n\t\t\t\t.wpsm_nav-tabs{\r\n\t\t\tmargin-left:0px !important;\r\n\t\t\tmargin-right:0px !important; \r\n\t\t\t\r\n\t\t}\r\n\t\t\t\t#tab_container_186 .wpsm_nav-tabs > li{\r\n\t\t\tfloat:none !important;\r\n\t\t}\r\n\t\t\t\r\n\t}\t\t\t\t<\/style>\r\n\t\t\t\t<div id=\"tab_container_186\" >\r\n\t \r\n\t\t\t\t\t<ul class=\"wpsm_nav wpsm_nav-tabs\" role=\"tablist\" id=\"myTab_186\">\r\n\t\t\t\t\t\t\t\r\n\t\t\t\t\t\t\t<li role=\"presentation\"  class=\"active\"  onclick=\"do_resize()\">\r\n\t\t\t\t\t\t\t\t<a href=\"#tabs_desc_186_1\" aria-controls=\"tabs_desc_186_1\" role=\"tab\" data-toggle=\"tab\">\r\n\t\t\t\t\t\t\t\t\t\r\n\t\t\t\t\t\t\t\t\t\t\t\t\t\t\t\t\t\t\t\t\t\t\t\t\t\t\t\t\t\t\t\t\t\t\t\t\t\t\t\t\t\t\t\t\t\t\t\t\t\r\n\t\t\t\t\t\t\t\t\t\t\t\t\t\t\t\t\t\t\r\n\t\t\t\t\t\t\t\t\t<span>Origine<\/span>\r\n\t\t\t\t\t\t\t\t\t\r\n\t\t\t\t\t\t\t\t\t\t\t\t\t\t\t\t\t\t\r\n\t\t\t\t\t\t\t\t\t\t\t\t\t\t\t\t\t\t\t\t\r\n\t\t\t\t\t\t\t\t\t\r\n\t\t\t\t\t\t\t\t<\/a>\r\n\t\t\t\t\t\t\t<\/li>\r\n\t\t\t\t\t\t\t\r\n\t\t\t\t\t\t\t<li role=\"presentation\"  onclick=\"do_resize()\">\r\n\t\t\t\t\t\t\t\t<a href=\"#tabs_desc_186_2\" aria-controls=\"tabs_desc_186_2\" role=\"tab\" data-toggle=\"tab\">\r\n\t\t\t\t\t\t\t\t\t\r\n\t\t\t\t\t\t\t\t\t\t\t\t\t\t\t\t\t\t\t\t\t\t\t\t\t\t\t\t\t\t\t\t\t\t\t\t\t\t\t\t\t\t\t\t\t\t\t\t\t\r\n\t\t\t\t\t\t\t\t\t\t\t\t\t\t\t\t\t\t\r\n\t\t\t\t\t\t\t\t\t<span>Eglise paroissiale<\/span>\r\n\t\t\t\t\t\t\t\t\t\r\n\t\t\t\t\t\t\t\t\t\t\t\t\t\t\t\t\t\t\r\n\t\t\t\t\t\t\t\t\t\t\t\t\t\t\t\t\t\t\t\t\r\n\t\t\t\t\t\t\t\t\t\r\n\t\t\t\t\t\t\t\t<\/a>\r\n\t\t\t\t\t\t\t<\/li>\r\n\t\t\t\t\t\t\t\r\n\t\t\t\t\t\t\t<li role=\"presentation\"  onclick=\"do_resize()\">\r\n\t\t\t\t\t\t\t\t<a href=\"#tabs_desc_186_3\" aria-controls=\"tabs_desc_186_3\" role=\"tab\" data-toggle=\"tab\">\r\n\t\t\t\t\t\t\t\t\t\r\n\t\t\t\t\t\t\t\t\t\t\t\t\t\t\t\t\t\t\t\t\t\t\t\t\t\t\t\t\t\t\t\t\t\t\t\t\t\t\t\t\t\t\t\t\t\t\t\t\t\r\n\t\t\t\t\t\t\t\t\t\t\t\t\t\t\t\t\t\t\r\n\t\t\t\t\t\t\t\t\t<span>Chapelle de St Guena\u00ebl<\/span>\r\n\t\t\t\t\t\t\t\t\t\r\n\t\t\t\t\t\t\t\t\t\t\t\t\t\t\t\t\t\t\r\n\t\t\t\t\t\t\t\t\t\t\t\t\t\t\t\t\t\t\t\t\r\n\t\t\t\t\t\t\t\t\t\r\n\t\t\t\t\t\t\t\t<\/a>\r\n\t\t\t\t\t\t\t<\/li>\r\n\t\t\t\t\t\t\t\r\n\t\t\t\t\t\t\t<li role=\"presentation\"  onclick=\"do_resize()\">\r\n\t\t\t\t\t\t\t\t<a href=\"#tabs_desc_186_4\" aria-controls=\"tabs_desc_186_4\" role=\"tab\" data-toggle=\"tab\">\r\n\t\t\t\t\t\t\t\t\t\r\n\t\t\t\t\t\t\t\t\t\t\t\t\t\t\t\t\t\t\t\t\t\t\t\t\t\t\t\t\t\t\t\t\t\t\t\t\t\t\t\t\t\t\t\t\t\t\t\t\t\r\n\t\t\t\t\t\t\t\t\t\t\t\t\t\t\t\t\t\t\r\n\t\t\t\t\t\t\t\t\t<span>Anciens Recteurs<\/span>\r\n\t\t\t\t\t\t\t\t\t\r\n\t\t\t\t\t\t\t\t\t\t\t\t\t\t\t\t\t\t\r\n\t\t\t\t\t\t\t\t\t\t\t\t\t\t\t\t\t\t\t\t\r\n\t\t\t\t\t\t\t\t\t\r\n\t\t\t\t\t\t\t\t<\/a>\r\n\t\t\t\t\t\t\t<\/li>\r\n\t\t\t\t\t\t\t\r\n\t\t\t\t\t\t\t<li role=\"presentation\"  onclick=\"do_resize()\">\r\n\t\t\t\t\t\t\t\t<a href=\"#tabs_desc_186_5\" aria-controls=\"tabs_desc_186_5\" role=\"tab\" data-toggle=\"tab\">\r\n\t\t\t\t\t\t\t\t\t\r\n\t\t\t\t\t\t\t\t\t\t\t\t\t\t\t\t\t\t\t\t\t\t\t\t\t\t\t\t\t\t\t\t\t\t\t\t\t\t\t\t\t\t\t\t\t\t\t\t\t\r\n\t\t\t\t\t\t\t\t\t\t\t\t\t\t\t\t\t\t\r\n\t\t\t\t\t\t\t\t\t<span>Croix de pierre<\/span>\r\n\t\t\t\t\t\t\t\t\t\r\n\t\t\t\t\t\t\t\t\t\t\t\t\t\t\t\t\t\t\r\n\t\t\t\t\t\t\t\t\t\t\t\t\t\t\t\t\t\t\t\t\r\n\t\t\t\t\t\t\t\t\t\r\n\t\t\t\t\t\t\t\t<\/a>\r\n\t\t\t\t\t\t\t<\/li>\r\n\t\t\t\t\t\t\t\r\n\t\t\t\t\t\t\t<li role=\"presentation\"  onclick=\"do_resize()\">\r\n\t\t\t\t\t\t\t\t<a href=\"#tabs_desc_186_6\" aria-controls=\"tabs_desc_186_6\" role=\"tab\" data-toggle=\"tab\">\r\n\t\t\t\t\t\t\t\t\t\r\n\t\t\t\t\t\t\t\t\t\t\t\t\t\t\t\t\t\t\t\t\t\t\t\t\t\t\t\t\t\t\t\t\t\t\t\t\t\t\t\t\t\t\t\t\t\t\t\t\t\r\n\t\t\t\t\t\t\t\t\t\t\t\t\t\t\t\t\t\t\r\n\t\t\t\t\t\t\t\t\t<span>Monuments anciens<\/span>\r\n\t\t\t\t\t\t\t\t\t\r\n\t\t\t\t\t\t\t\t\t\t\t\t\t\t\t\t\t\t\r\n\t\t\t\t\t\t\t\t\t\t\t\t\t\t\t\t\t\t\t\t\r\n\t\t\t\t\t\t\t\t\t\r\n\t\t\t\t\t\t\t\t<\/a>\r\n\t\t\t\t\t\t\t<\/li>\r\n\t\t\t\t\t\t\t\r\n\t\t\t\t\t\t\t<li role=\"presentation\"  onclick=\"do_resize()\">\r\n\t\t\t\t\t\t\t\t<a href=\"#tabs_desc_186_7\" aria-controls=\"tabs_desc_186_7\" role=\"tab\" data-toggle=\"tab\">\r\n\t\t\t\t\t\t\t\t\t\r\n\t\t\t\t\t\t\t\t\t\t\t\t\t\t\t\t\t\t\t\t\t\t\t\t\t\t\t\t\t\t\t\t\t\t\t\t\t\t\t\t\t\t\t\t\t\t\t\t\t\r\n\t\t\t\t\t\t\t\t\t\t\t\t\t\t\t\t\t\t\r\n\t\t\t\t\t\t\t\t\t<span>Anciens manoirs<\/span>\r\n\t\t\t\t\t\t\t\t\t\r\n\t\t\t\t\t\t\t\t\t\t\t\t\t\t\t\t\t\t\r\n\t\t\t\t\t\t\t\t\t\t\t\t\t\t\t\t\t\t\t\t\r\n\t\t\t\t\t\t\t\t\t\r\n\t\t\t\t\t\t\t\t<\/a>\r\n\t\t\t\t\t\t\t<\/li>\r\n\t\t\t\t\t\t\t\r\n\t\t\t\t\t\t\t<li role=\"presentation\"  onclick=\"do_resize()\">\r\n\t\t\t\t\t\t\t\t<a href=\"#tabs_desc_186_8\" aria-controls=\"tabs_desc_186_8\" role=\"tab\" data-toggle=\"tab\">\r\n\t\t\t\t\t\t\t\t\t\r\n\t\t\t\t\t\t\t\t\t\t\t\t\t\t\t\t\t\t\t\t\t\t\t\t\t\t\t\t\t\t\t\t\t\t\t\t\t\t\t\t\t\t\t\t\t\t\t\t\t\r\n\t\t\t\t\t\t\t\t\t\t\t\t\t\t\t\t\t\t\r\n\t\t\t\t\t\t\t\t\t<span>Pouldavid<\/span>\r\n\t\t\t\t\t\t\t\t\t\r\n\t\t\t\t\t\t\t\t\t\t\t\t\t\t\t\t\t\t\r\n\t\t\t\t\t\t\t\t\t\t\t\t\t\t\t\t\t\t\t\t\r\n\t\t\t\t\t\t\t\t\t\r\n\t\t\t\t\t\t\t\t<\/a>\r\n\t\t\t\t\t\t\t<\/li>\r\n\t\t\t\t\t\t\t\r\n\t\t\t\t\t\t\t<li role=\"presentation\"  onclick=\"do_resize()\">\r\n\t\t\t\t\t\t\t\t<a href=\"#tabs_desc_186_9\" aria-controls=\"tabs_desc_186_9\" role=\"tab\" data-toggle=\"tab\">\r\n\t\t\t\t\t\t\t\t\t\r\n\t\t\t\t\t\t\t\t\t\t\t\t\t\t\t\t\t\t\t\t\t\t\t\t\t\t\t\t\t\t\t\t\t\t\t\t\t\t\t\t\t\t\t\t\t\t\t\t\t\r\n\t\t\t\t\t\t\t\t\t\t\t\t\t\t\t\t\t\t\r\n\t\t\t\t\t\t\t\t\t<span>Chapelle Saint-Jacques<\/span>\r\n\t\t\t\t\t\t\t\t\t\r\n\t\t\t\t\t\t\t\t\t\t\t\t\t\t\t\t\t\t\r\n\t\t\t\t\t\t\t\t\t\t\t\t\t\t\t\t\t\t\t\t\r\n\t\t\t\t\t\t\t\t\t\r\n\t\t\t\t\t\t\t\t<\/a>\r\n\t\t\t\t\t\t\t<\/li>\r\n\t\t\t\t\t\t\t\t\t\t\t <\/ul>\r\n\r\n\t\t\t\t\t  <!-- Tab panes -->\r\n\t\t\t\t\t  <div class=\"tab-content\" id=\"tab-content_186\">\r\n\t\t\t\t\t\t\t\t\t\t\t\t <div role=\"tabpanel\" class=\"tab-pane  in active \" id=\"tabs_desc_186_1\">\r\n\t\t\t\t\t\t\t\t<p style=\"text-align: justify;\">L\u2019Armorique, aux V\u00e8me et VI\u00e8 si\u00e8cles, vit d\u00e9barquer sur ses rivages de nombreuses bandes de Bretons insulaires que l\u2019invasion saxonne avait chass\u00e9s de leur patrie. Sous la conduite de leurs chefs de clans, de moines ou d\u2019\u00e9v\u00eaques, ces \u00e9migrants arrivaient des diverses r\u00e9gions de l\u2019\u00eele de Bretagne, principalement des provinces comprises dans la Cambrie et de celles qu\u2019occupaient les Cornovii, peuple consid\u00e9rable qui a donn\u00e9 son nom \u00e0 la Cornouaille armoricaine.<\/p>\r\n<p style=\"text-align: justify;\">D\u2019autres \u00e9migrations importantes, notamment celle des Corisopites, eurent pour point de d\u00e9part la Bretagne du Nord. C\u2019est \u00e0 ce dernier Pays, d\u2019apr\u00e8s Mr de la Villemarqu\u00e9 <a href=\"#1\">(1)<\/a>, que devait appartenir saint Ergat ou Argad que la Paroisse de Pouldergat honore comme fondateur. Fils du roi barde Loumarch, chef d\u2019un petit Etat nomm\u00e9 l\u2019Argo\u00ebt, saint Ergat, selon la tradition de la paroisse<a href=\"#2\">(2)<\/a>, aurait lui-m\u00eame \u00e9t\u00e9 barde.<\/p>\r\n<p style=\"text-align: justify;\">La vie de saint Ergat n\u2019a pas \u00e9t\u00e9 connue des hagiographes et le souvenir de son apostolat serait depuis longtemps effac\u00e9, si le nom d\u2019Ergat n\u2019\u00e9tait rest\u00e9 incorpor\u00e9 dans celui d\u2019un certain nombre d\u2019\u00e9glises et de chapelles que la v\u00e9n\u00e9ration des fid\u00e8les avait plac\u00e9es sous son patronage. Dans le seul dioc\u00e8se de Quimper, ind\u00e9pendamment de Pouldergat, on pourrait citer comme ayant \u00e9t\u00e9 vraisemblablement consacr\u00e9es \u00e0 ce saint, l\u2019ancienne tr\u00eave de Tr\u00e9ouergat<a href=\"#3\">(3)<\/a> et bien qu\u2019elles aient chang\u00e9 de vocable, les paroisses de Pouegat Moysan et de Plou\u00e9gat Guerrand<a href=\"#4\">(4)<\/a>.<\/p>\r\n<p style=\"text-align: justify;\">C\u2019est au sud de la baie de Douarnenez , non loin de l\u2019endroit o\u00f9 l\u2019opinion la plus accr\u00e9dit\u00e9e place la l\u00e9gendaire ville d\u2019Is, que vinrent s\u2019\u00e9tablire les exil\u00e9s qui avaient suivi St Ergat. Le Pays, \u00e0 cette \u00e9poque, ne devait compter que de rares habitants et le Plou qu\u2019y fond\u00e8rent les Bretons put se d\u00e9velopper dans la partie m\u00e9ridionale d\u2019un ancien pagus qui s\u2019\u00e9tendait \u00e0 l\u2019Est jusqu\u2019au ruisseau du Riz, au Nord et \u00e0 l\u2019Ouest jusqu\u2019\u00e0 la mer et au Midi jusqu\u2019\u00e0 la baie d\u2019Audierne et \u00e0 la rivi\u00e8re de Pont-Croix. Ce vaste territoire, dans les chartes du moyen-\u00e2ge, est encore d\u00e9nomm\u00e9 Pagus-cap-Sizun. Dans ses limites se constitu\u00e8rent, sous l\u2019influence de la colonisation bretonne, onze circonscriptions paroissiales dont l\u2019une des plus importantes devait \u00eatre celle de PLODERGAT<a href=\"#5\">(5)<\/a>.<\/p>\r\n<p style=\"text-align: justify;\">Le document le plus ancien qui mentionne cette paroisse, remonte \u00e0 l\u2019ann\u00e9e 1126. Ant\u00e9rieurement \u00e0 cette date, en 1121, Robert \u00e9v\u00eaque de Cornouaille, avait donn\u00e9 au prieur\u00e9 de saint-Tutuarn (\u00eele Tristan) les deux tiers de la d\u00eeme de Plodergat (plebs sancti Ergadi) et en outre le tiers du droit de s\u00e9pulture et des offrandes faites \u00e0 l\u2019\u00e9glise paroissiale, le jour de P\u00e2ques; mais la charte qui relate ces dons ne fut dress\u00e9e qu\u2019en 1126. Cette charte a \u00e9t\u00e9 publi\u00e9e dans le Bulletin de la Soc.Ar. Du Finist\u00e8re de 1905, p 249.<\/p>\r\n<a name=\"1\">(1)<\/a>Revue de Bretagne et de Vend\u00e9e, 1887, p. 11-18<br\/>\r\n<a name=\"2\">(2)<\/a>La m\u00eame tradition veut que St Ergat ait habit\u00e9 Kerdergat, village situ\u00e9 \u00e0 un kilom\u00e8tre au S.O. du bourg<br\/>\r\n<a name=\"3\">(3)<\/a>L\u2019\u00e9glise de Tr\u00e9ouergat qui poss\u00e8de des reliques du saint, en a c\u00e9d\u00e9 une partie \u00e0 Pouldergat.<br\/>\r\n<a name=\"4\">(4)<\/a>Bull. arch\u00e9ol. du Fin. 1913, p. 20 et la Bretagne contemporaine, III, p. 63.<br\/>\r\n<a name=\"5\">(5)<\/a>Pouldergat (avec Pouldavid) a 2995 hectares de superficie et compte actuellement 3111 habitants.\t\t\t\t\t\t <\/div>\r\n\t\t\t\t\t\t\t\t\t\t\t\t <div role=\"tabpanel\" class=\"tab-pane \" id=\"tabs_desc_186_2\">\r\n\t\t\t\t\t\t\t\t<p style=\"text-align: justify;\">Eglise paroissiale<\/p>\r\n<p style=\"text-align: justify;\">Quand on examine l\u2019ext\u00e9rieur de l\u2019\u00e9difice, l\u2019attention se porte tout d\u2019abord sur sa fa\u00e7ade occidentale qui, depuis la base jusqu\u2019au sommet, est couverte d\u2019inscriptions. La construction de cette fa\u00e7ade fut commenc\u00e9e en 1585. Les inscriptions marquent la reprise des travaux souvent suspendus qui se poursuivirent pendant plusieurs ann\u00e9es avant d\u2019atteindre la plate-forme de la tour . La fl\u00e8che qui couronne cette tour lui est de beaucoup post\u00e9rieure et, d\u2019apr\u00e8s Mr Bigot, architecte dioc\u00e9sain, ne remonterait qu\u2019au commencement du XVIII\u00e8me si\u00e8cle.<\/p>\r\n<p style=\"text-align: justify;\">Les autres c\u00f4t\u00e9s de l\u2019\u00e9glise n\u2019offrent rien de remarquable. La fa\u00e7ade m\u00e9ridionale est pr\u00e9c\u00e9d\u00e9e d\u2019un porche de construction relativement moderne sur lequel on lit:<\/p>\r\n<p style=\"text-align: justify;\">1854. MARIN, Rr; GOUZIL, Maire; LE\u00a0 FRIANT, Tr\u00e9sr.<\/p>\r\n<p style=\"text-align: justify;\">Sur la corniche de la chapelle de saint Herbot, voisine du porche, sont grav\u00e9s le mil\u00e9sime de 1699 et les noms de LE GALL, FA. et de PIERRE PERENNES, FA.<\/p>\r\n<p style=\"text-align: justify;\">Enfin le cimeti\u00e8re\u00a0 a conserv\u00e9 son ancienne croix en granit dont les personnages sont abrit\u00e9s d\u2019un petit pignon \u00e0 crochets.<\/p>\r\n<p style=\"text-align: justify;\">L\u2019int\u00e9rieur de l\u2019\u00e9glise qui se compose d\u2019un ch\u0153ur et d\u2019une nef accompagn\u00e9s de collat\u00e9raux, comprend deux \u00e9poques distinctes, le XII\u00e8 et le XVI\u00e8 si\u00e8cles. C\u2019est \u00e0 cette derni\u00e8re \u00e9poque que l\u2019on reconstruisit toute la partie occidentale de la vieille \u00e9glise romande dont il ne reste plus que le ch\u0153ur.<\/p>\r\n<p style=\"text-align: justify;\">Le ch\u0153ur de l\u2019\u00e9glise Pouldergat peut \u00eatre cit\u00e9 comme l\u2019une des \u0153uvres les plus int\u00e9ressantes que l\u2019art roman ait laiss\u00e9es dans cette r\u00e9gion. Il est form\u00e9 de trois trav\u00e9es dont les piliers \u00e0 chapiteaux garnis de feuillages tr\u00e8s d\u00e9coup\u00e9s et les archivoltes en tiers point appartiennent \u00e0 la fin du XII\u00e8 si\u00e8cle ou peut-\u00eatre au commencement su si\u00e8cle suivant.<\/p>\r\n<p style=\"text-align: justify;\">La nef, plus large que le ch\u0153ur, est s\u00e9par\u00e9e de ses bas-c\u00f4t\u00e9s par cinq trav\u00e9es qui paraissent contemporaines de la fa\u00e7ade occidentale (XVI\u00e8 si\u00e8cle), \u00e0 l\u2019exception toutefois de l\u2019arcade situ\u00e9e au bas de la nef du c\u00f4t\u00e9 nord. Cette arcade romane a \u00e9t\u00e9 conserv\u00e9e de l\u2019\u00e9difice primitif.<\/p>\r\n<p style=\"text-align: justify;\">Aux bas-c\u00f4t\u00e9s de la nef sont accol\u00e9es trois chapelles lat\u00e9rales. L\u2019une d\u2019elles (au midi) est sous l\u2019invocation de saint Herbot; les deux autres (au Nord) sont d\u00e9di\u00e9es \u00e0 saint S\u00e9bastien et aux saints Cosme et Damien.<\/p>\r\n<p style=\"text-align: justify;\">A droite et \u00e0 gauche du ch\u0153ur existent \u00e9galement deux chapelles . La premi\u00e8re, celle c\u00f4t\u00e9 droit, \u00e9tait anciennement consacr\u00e9e \u00e0 saint Jean; la seconde avait \u00e9t\u00e9 plac\u00e9e sous le vocable de Notre-Dame. La confr\u00e9rie du Rosaire se desservait dans cette chapelle dont l\u2019autel est accost\u00e9 de deux consoles armori\u00e9es. On reconna\u00eet sur un des \u00e9cussons le lion charg\u00e9 d\u2019une macle des Kerguelenen. L\u2019autre \u00e9cusson porte deux l\u00e9vriers passants qui devaient \u00eatre les armes du Moguermeur dont les seigneurs avaient contribu\u00e9 \u00e0 la reconstruction de la chapelle en 1485.<\/p>\r\n<p style=\"text-align: justify;\">Parmi les statues v\u00e9n\u00e9r\u00e9es dans cette \u00e9glise, on remarque celles de saint Ergat et de saint Etienne, premier et second patron de la paroisse; un saint Mathurin qui fut probablement donn\u00e9 par Charles du Bot de Lesco\u00ebt, chanoine de la cath\u00e9drale de 1487 \u00e0 1511, dont les armoiries d\u00e9corent le socle de la statue<a href=\"#6\">(6)<\/a>; un saint Yves de la m\u00eame \u00e9poque qui serait, au dire des connaisseurs, une des meilleurs repr\u00e9sentations du saint existant dans le dioc\u00e8se; enfin les statues des saints Cosme et Damien patrons des m\u00e9decins, tenant chacun une fiole de m\u00e9dicaments et auxquels \u00e9tait consacr\u00e9e la chapelle septentrionale maintenant affect\u00e9e aux fonts baptismaux.<\/p>\r\n<p style=\"text-align: justify;\">Les Archives d\u00e9partementales poss\u00e8dent une bulle dat\u00e9e de 1695 du pape Innocent XII accordant une indulgence pl\u00e9ni\u00e8re \u00e0 toute personne qui visiterait d\u00e9votement l\u2019\u00e9glise de Pouldergat le quatri\u00e8me dimanche d\u2019Ao\u00fbt. Cette indulgence para\u00eet avoir \u00e9t\u00e9 conc\u00e9d\u00e9e en vue de favoriser l\u2019ach\u00e8vement du clocher.<\/p>\r\n<p style=\"text-align: justify;\">C\u2019est dans la chapelle de saint Jean que se tenaient les assembl\u00e9es paroissiales.<\/p>\r\n<p style=\"text-align: justify;\">D\u2019apr\u00e8s un acte conserv\u00e9 aux Archives du Finist\u00e8re, les principaux habitants y furent r\u00e9unis et congr\u00e9\u00e9s, en 1512, \u00e0 la requ\u00eate d\u2019Alain de Kerguelenen, pour statuer sur le r\u00e9tablissement des pr\u00e9\u00e9minences que les anc\u00eatres de ce seigneur avaient poss\u00e9d\u00e9es dans la chapelle de Notre-Dame. A cette r\u00e9union assistaient:<\/p>\r\n<p style=\"text-align: justify;\">Mtre Guillaume bonescat, recteur de Ploedergat;__Guillaume Cognyou, Sgr du Moguermeur; __Jehan Agn\u00e8s, Sr du Guilly; __Jehan Pencoet, Sgr de Keranpap; __Guillaume Larour, procureur et syndic de la fabrique; __Yvon Larour, procureur de la paroisse; __Guillaume Kermenec; __Guillaume et Jehan le Vaillant; Yvon Dagorn; Alain Perron; Herv\u00e9 le Guen; Guillaume et Jacob le Bescond; Herv\u00e9 Coetmeur; Guillaume Elyas; Yvon le Goesbihan; Herv\u00e9 le Menchec; Yvon Mapemen; Mah\u00e9 Cariou; Jehan le Gounidec; Jacob et Yvon Labouce; Herv\u00e9 le Squividan; Yvon Burel; Guillaume Perenn\u00e8s; Jehan le Castrec; Guillaume Brelivet; Marc le Roy; Yvon le Riou et autres habitants d\u2019icelle paroisse.<\/p>\r\n<p style=\"text-align: justify;\">En compulsant les documents assez nombreux concernant Pouldergat que nous ont transmis le XV\u00e8me et le XVI\u00e8me si\u00e8cles, on retrouverait les noms de la plupart des familles qui existaient \u00e0 cette \u00e9poque dans la paroisse<a href=\"#7\">(7)<\/a>. On y rel\u00e8ve notamment les noms suivants:<\/p>\r\n<p style=\"text-align: justify;\">Le Griffon, Celton, le Marhec, le B\u00e9guec, le Menen (de Kervarl\u00e9-Corre), Kersal\u00e9, Lostis, Landugen, Maillot (de Botgraguez), Quideau (du Guilly), Kerhascoet et Floch ( de Moustergoat<a href=\"#8\">(8)<\/a>), le Bourhys, Tanguy, Joncour, Pensec, le Moign, Kernilis, le Mancel, le Corre, Gourlouan, le Fur, Nicolas, le Bihan, N\u00e9d\u00e9lec, le H\u00e9naff, Louboutin, le Bras, etc.<\/p>\r\n<p style=\"text-align: justify;\">Malgr\u00e9 l\u2019irr\u00e9sistible courant qui, depuis quelques ann\u00e9es, d\u00e9peuple nos campagnes en entra\u00eenant vers les villes leurs habitants, la majeure partie des noms qui viennent d\u2019\u00eatre cit\u00e9s para\u00eet s\u2019s\u2019\u00eata perp\u00e9tu\u00e9e dans Pouldergat. Cette commune poss\u00e8de encore un certain nombre d\u2019anciennes familles qui sont rest\u00e9es attach\u00e9es au sol que cultivaient leurs p\u00e8res par des racines aussi profondes que celles des vieux ch\u00eanes qui abritent leurs villages.<\/p>\r\n\r\n<a name=\"6\">(6)<\/a> \u00ab\u00a0d\u2019argent \u00e0 deux haches d\u2019armes adoss\u00e9es de sable soutenues d\u2019un croissant de gueules et accompagn\u00e9es de trois coquilles de m\u00eame\u00a0\u00bb<br\/>\r\n<a name=\"7\">(7)<\/a> Pouldergat devait comprendre ind\u00e9pendamment du bourg et de Pouldavid, environ 80 villages, divis\u00e9s presque tous en plusieurs exploitations et dont le plus important, Lanriec, comptait six tenues.<br\/>\r\n<a name=\"8\">(8)<\/a> Aujourd\u2019hui Moustoulgoat. Ce village para\u00eet devoir son nom \u00e0 l\u2019un de ces monast\u00e8res form\u00e9s de logettes en bois o\u00f9 s\u2019\u00e9tablirent les premiers moines venus d\u2019outre-mer.\t\t\t\t\t\t <\/div>\r\n\t\t\t\t\t\t\t\t\t\t\t\t <div role=\"tabpanel\" class=\"tab-pane \" id=\"tabs_desc_186_3\">\r\n\t\t\t\t\t\t\t\t<p style=\"text-align: justify;\">Chapelle de St Guena\u00ebl<\/p>\r\n<p style=\"text-align: justify;\">Les dates grav\u00e9es sur l\u2019\u00e9difice t\u00e9moignent des interruptions qu\u2019eut \u00e0 subir sa reconstruction entreprise pendant les troubles de la ligue. Les murs latt\u00e9raux portent les inscriptions suivantes\u00a0:<\/p>\r\n<p style=\"text-align: justify;\">C\u00f4t\u00e9 nord\u00a0:<\/p>\r\n<p style=\"text-align: justify;\">\u00a0\u00a0<a href=\"http:\/\/amzer-dremenet.fr\/wordpress\/wp-content\/uploads\/2016\/09\/Capture-d\u2019\u00e9cran-2016-09-10-\u00e0-18.58.53.png\"><img loading=\"lazy\" decoding=\"async\" class=\"alignnone wp-image-74\" src=\"http:\/\/amzer-dremenet.fr\/wordpress\/wp-content\/uploads\/2016\/09\/Capture-d\u2019\u00e9cran-2016-09-10-\u00e0-18.58.53.png\" alt=\"capture-decran-2016-09-10-a-18-58-53\" width=\"365\" height=\"68\" srcset=\"https:\/\/amzer-dremenet.fr\/wordpress\/wp-content\/uploads\/2016\/09\/Capture-d\u2019\u00e9cran-2016-09-10-\u00e0-18.58.53.png 1156w, https:\/\/amzer-dremenet.fr\/wordpress\/wp-content\/uploads\/2016\/09\/Capture-d\u2019\u00e9cran-2016-09-10-\u00e0-18.58.53-300x56.png 300w, https:\/\/amzer-dremenet.fr\/wordpress\/wp-content\/uploads\/2016\/09\/Capture-d\u2019\u00e9cran-2016-09-10-\u00e0-18.58.53-768x144.png 768w, https:\/\/amzer-dremenet.fr\/wordpress\/wp-content\/uploads\/2016\/09\/Capture-d\u2019\u00e9cran-2016-09-10-\u00e0-18.58.53-1024x191.png 1024w, https:\/\/amzer-dremenet.fr\/wordpress\/wp-content\/uploads\/2016\/09\/Capture-d\u2019\u00e9cran-2016-09-10-\u00e0-18.58.53-730x136.png 730w\" sizes=\"auto, (max-width: 365px) 100vw, 365px\" \/><\/a><\/p>\r\n<p style=\"text-align: justify;\">\u00a0C\u00f4t\u00e9 sud\u00a0:<\/p>\r\n<p style=\"text-align: justify;\"><a href=\"http:\/\/amzer-dremenet.fr\/wordpress\/wp-content\/uploads\/2016\/09\/Capture-d\u2019\u00e9cran-2016-09-10-\u00e0-19.00.18.png\"><img loading=\"lazy\" decoding=\"async\" class=\"alignnone wp-image-75\" src=\"http:\/\/amzer-dremenet.fr\/wordpress\/wp-content\/uploads\/2016\/09\/Capture-d\u2019\u00e9cran-2016-09-10-\u00e0-19.00.18.png\" alt=\"capture-decran-2016-09-10-a-19-00-18\" width=\"770\" height=\"106\" srcset=\"https:\/\/amzer-dremenet.fr\/wordpress\/wp-content\/uploads\/2016\/09\/Capture-d\u2019\u00e9cran-2016-09-10-\u00e0-19.00.18.png 2352w, https:\/\/amzer-dremenet.fr\/wordpress\/wp-content\/uploads\/2016\/09\/Capture-d\u2019\u00e9cran-2016-09-10-\u00e0-19.00.18-300x41.png 300w, https:\/\/amzer-dremenet.fr\/wordpress\/wp-content\/uploads\/2016\/09\/Capture-d\u2019\u00e9cran-2016-09-10-\u00e0-19.00.18-768x106.png 768w, https:\/\/amzer-dremenet.fr\/wordpress\/wp-content\/uploads\/2016\/09\/Capture-d\u2019\u00e9cran-2016-09-10-\u00e0-19.00.18-1024x141.png 1024w, https:\/\/amzer-dremenet.fr\/wordpress\/wp-content\/uploads\/2016\/09\/Capture-d\u2019\u00e9cran-2016-09-10-\u00e0-19.00.18-730x101.png 730w\" sizes=\"auto, (max-width: 770px) 100vw, 770px\" \/><\/a><\/p>\r\n<p style=\"text-align: justify;\">Sur le pignon oriental on lit le nom de\u00a0<a href=\"http:\/\/amzer-dremenet.fr\/wordpress\/wp-content\/uploads\/2016\/09\/Capture-d\u2019\u00e9cran-2016-09-10-\u00e0-18.49.44.png\"><img loading=\"lazy\" decoding=\"async\" class=\"alignnone wp-image-69\" src=\"http:\/\/amzer-dremenet.fr\/wordpress\/wp-content\/uploads\/2016\/09\/Capture-d\u2019\u00e9cran-2016-09-10-\u00e0-18.49.44-300x38.png\" alt=\"JosBescomb\" width=\"182\" height=\"23\" srcset=\"https:\/\/amzer-dremenet.fr\/wordpress\/wp-content\/uploads\/2016\/09\/Capture-d\u2019\u00e9cran-2016-09-10-\u00e0-18.49.44-300x38.png 300w, https:\/\/amzer-dremenet.fr\/wordpress\/wp-content\/uploads\/2016\/09\/Capture-d\u2019\u00e9cran-2016-09-10-\u00e0-18.49.44.png 408w\" sizes=\"auto, (max-width: 182px) 100vw, 182px\" \/><\/a><\/p>\r\n<p style=\"text-align: justify;\">L\u2019autre pignon et le clocher paraissent contemporains su calvaire qu\u2019\u00e9rigea en 1647 Mre Gabriel Courant, recteur de Pouldr\u00e9gat, dans l\u2019enclos bois\u00e9 qui d\u00e9pend de la chapelle.<\/p>\r\n<p style=\"text-align: justify;\">L\u2019int\u00e9rieur contient la statue du saint patron repr\u00e9sent\u00e9 avec la crosse et la mitre et celle de Notre-Dame de Rumengol dont le socle est armori\u00e9 du blason de Messire Ren\u00e9 de Ploeuc qui avait d\u00fb contribuer \u00e0 l\u2019embellissement de ce sanctuaire.<\/p>\r\n<p style=\"text-align: justify;\">Le pardon se c\u00e9l\u00e8bre le deuxi\u00e8me dimanche d\u2019Octobre. Il attire de nombreux p\u00e8lerins qui viennent invoquer saint Guena\u00ebl pour la gu\u00e9rison de la goutte et des rhumatismes ( en breton gwendr\u00e9) et boire l\u2019eau de la source limpide qui jaillit au bas de l\u2019enclos.<\/p>\r\n<p style=\"text-align: justify;\">Saint Guena\u00ebl, n\u00a0\u00e9 au commencement du VI\u00e8me si\u00e8cle, succ\u00e9da en 532 \u00e0 saint Gwennol\u00e9 comme abb\u00e9 de Landevenec. En 539, il r\u00e9signa son abbaye pour se rendre en Irlande o\u00f9 il s\u00e9journa trente quatre ans. Revenu en Armorique, il fonda sur les bords du Blavet un monast\u00e8re o\u00f9 il mourut vers 585-590. L\u2019emplacement de ce couvent est encore indiqu\u00e9 par l\u2019antique chapelle de saint Guena\u00ebl, dans la paroisse de Caudan, pr\u00e8s Lorient.<\/p>\r\n<p style=\"text-align: justify;\">Le dioc\u00e8se de Cornouaille poss\u00e9dait plusieurs chapelles d\u00e9di\u00e9es au m\u00eame saint\u00a0; l\u2019une d\u2019elles se trouvait dans la paroisse de Penhars, non loin du manoir de Pratanroz.<\/p>\r\n<p style=\"text-align: justify;\">La chapelle de saint Guendal, vendue nationalement le 8 Thermidor An III, fut acquise moyennant 3000 livres par Ren\u00e9vot et Bescond. Le m\u00eame jour, les bois taillis de Sant Riou et de Santez Egassa, appartenant \u00e0 la fabrique \u00e9taient vendus, le premier pour 800livres et le second pour 1700 livres.<\/p>\t\t\t\t\t\t <\/div>\r\n\t\t\t\t\t\t\t\t\t\t\t\t <div role=\"tabpanel\" class=\"tab-pane \" id=\"tabs_desc_186_4\">\r\n\t\t\t\t\t\t\t\t<p style=\"text-align: justify;\">Anciens Recteurs<\/p>\r\n<p style=\"text-align: justify;\">A 500 m\u00e8tres au nord-est du clocher, se trouve La Chesnay, petit manoir entour\u00e9 de bois et d\u2019eaux vives, qui durant plusieurs si\u00e8cles a servi de r\u00e9sidence aux recteurs de Pouldergat. Ce presbyt\u00e8re avec toutes ses d\u00e9pendances est devenu \u00e0 la R\u00e9volution propri\u00e9t\u00e9 particuli\u00e8re.<\/p>\r\n<p style=\"text-align: justify;\">Des difficult\u00e9s n\u2019avaient pas tard\u00e9 \u00e0 s\u2019\u00e9lever entre les pr\u00eatres de Plodergat et le prieur\u00e9 de Saint Tutuarn au sujet des d\u00eemes que la charte de 1126 conc\u00e9dait \u00e0 ce dernier. Ces contestations duraient encore en 1255, lors qu\u2019intervint unaccord entre le prieur Guy Taleret et le recteur qui se nommait Guillaume<a href=\"#9\">(9)<\/a>.<\/p>\r\n<p style=\"text-align: justify;\">Geoffroy d\u2019Hariette (Gauffridus Arietis), recteur en 1314, l\u00e9gua au chapitre, pour la fondation d\u2019un obit dans la cath\u00e9drale, une rente de 20 solz sur la maison qu\u2019il poss\u00e9dait \u00e0 Quimper<a href=\"#10\">(10)<\/a>.<\/p>\r\n<p style=\"text-align: justify;\">En 1383, Yves Flochguen, nomm\u00e9 recteur, obtint prorogation de d\u00e9lai pour se faire ordonner pr\u00eatre<a href=\"#11\">(11)<\/a>.<\/p>\r\n<p style=\"text-align: justify;\">Au\u00a0 XV\u00e8me si\u00e8cle, on trouve comme recteur Mtre Yves Le Rouxen auquel succ\u00e9d\u00e8rent\u00a0:<\/p>\r\n<p style=\"text-align: justify;\">Corentin le Sodec\u00a0;<\/p>\r\n<p style=\"text-align: justify;\">Guillaume Keroc\u2019h (de Peumerit)\u00a0;<\/p>\r\n<p style=\"text-align: justify;\">Mtre Alain Bonescat<\/p>\r\n<p style=\"text-align: justify;\">et Mtre Guillaume Bonescat qui, en 1512, gouvernait encore la paroisse.<\/p>\r\n<p style=\"text-align: justify;\">Yvon Arour ( de Pouldergat) qui, en 1585, posa la premi\u00e8re pierre de la fa\u00e7ade occidentale de l\u2019\u00e9glise, para\u00eet avoir eu pour successeurs D.Breton et J.Henri. Ce dernier \u00e9tait remplac\u00e9 en 1594 par un recteur nomm\u00e9\u00a0Sanquer.<\/p>\r\n<p style=\"text-align: justify;\">1630-1639 Yves de Saint Noay r\u00e9signa en faveur du suivant.<\/p>\r\n<p style=\"text-align: justify;\">1639-1666 Gabriel Caurant (du Faouet). Par son testament du 25 Mars 1666, il l\u00e9gua \u00e0 la fabrique une lande de 38 journaux dans la montagne de Tr\u00e9len<\/p>\r\n<p style=\"text-align: justify;\">1667-1693 Vincent Madien du Moguermeur.<\/p>\r\n<p style=\"text-align: justify;\">1697-1715 Olivier Lochou de Brunault (de Carhaix), mort \u00e0 l\u2019\u00e2ge de 53 ans.<\/p>\r\n<p style=\"text-align: justify;\">1715-1745 Fran\u00e7ois-Ren\u00e9 Gauvaign.<\/p>\r\n<p style=\"text-align: justify;\">1746-1771 Fran\u00e7ois Derien.<\/p>\r\n<p style=\"text-align: justify;\">1772-1173 Le Moyne.<\/p>\r\n<p style=\"text-align: justify;\">1773-1790 Ren\u00e9 le Guenneau.<\/p>\r\n<p style=\"text-align: justify;\">Pr\u00eatres et Vicaires<\/p>\r\n<p style=\"text-align: justify;\">Une charte de l\u2019abbaye de Marmoutiers mentionne deux pr\u00eatres qui vivaient \u00e0 Ploetergat en 1255. L\u2019un d\u2019eux, Yves Tutgual, poss\u00e9dait avec le chevalier Derrien, son fr\u00e8re a\u00een\u00e9, le Tyorent ou manoir de Kerkelennen\u00a0; l\u2019autre, du nom de Daniel, \u00e9tait le fr\u00e8re du recteur Guillaume.<\/p>\r\n<p style=\"text-align: justify;\">En 1467, dom Guyon Celton tenait \u00e0 domaine la moiti\u00e9 de Ty an cah\u00e9rec.<\/p>\r\n<p style=\"text-align: justify;\">1641-1680 Th\u00e9pault Larour, vicaire.<\/p>\r\n<p style=\"text-align: justify;\">1662-1667 Jean Sizun (de Tr\u00e9boul), vicaire.<\/p>\r\n<p style=\"text-align: justify;\">1666-1696 Jean Tanguy ( de Kerlivit), vicaire en 1669.<\/p>\r\n<p style=\"text-align: justify;\">1667-1678 Alain Le Fur ( de Pouldergat).<\/p>\r\n<p style=\"text-align: justify;\">1669-1682 Michel Ferec ( de Pouldavid).<\/p>\r\n<p style=\"text-align: justify;\">1670-1685 Ren\u00e9 Gourmelen, d\u00e9c\u00e9d\u00e9 en 1685<a href=\"#12\">(12)<\/a>.<\/p>\r\n<p style=\"text-align: justify;\">1670-1706 Pierre G\u00e9rault.<\/p>\r\n<p style=\"text-align: justify;\">1676-1683 Jacques Joncour(de Pouldergat) nomm\u00e9 vicaire de Landudec<\/p>\r\n<p style=\"text-align: justify;\">1678 \u00a0 \u00a0 \u00a0 \u00a0 \u00a0 Nicolas Rolland du Questel, mort en 1716 recteur de Landudec.<\/p>\r\n<p style=\"text-align: justify;\">1687-1722 Yves Le Bars mort \u00e0 Penguilly, \u00e2g\u00e9 de 63 ans.<\/p>\r\n<p style=\"text-align: justify;\">1677-1719 Herv\u00e9 le Normant, vicaire.<\/p>\r\n<p style=\"text-align: justify;\">1698-1728 Gabriel Le Qu\u00e9au.<\/p>\r\n<p style=\"text-align: justify;\">1710-1746 Joseoh Larour.<\/p>\r\n<p style=\"text-align: justify;\">1720-1733 Jean S\u00e9radin, vicaire, eut pour titre cl\u00e9rical une maison sise au bourg que sa famille avait acquise en 1676 de la confr\u00e9rie du Rosaire. Il mourut en 1757, recteur de Clohars Fouesnant.<\/p>\r\n<p style=\"text-align: justify;\">1731-1773 Gabriel le Joncour, vicaire.<\/p>\r\n<p style=\"text-align: justify;\">1765-1772 P. Larour.<\/p>\r\n<p style=\"text-align: justify;\">1774-1789 J. Kervarec, vicaire.<\/p>\r\n\r\n<a name=\"9\">(9)<\/a> Bulletin de la Soci\u00e9t\u00e9 Arch\u00e9ologique du Finist\u00e8re, T XXXII, p 331<br\/>\r\n<a name=\"10\">(10)<\/a> Bibl.Nat.Ms.Lat. 9892, f\u00b051.__En 1583, cette famille \u00e9tait repr\u00e9sent\u00e9e par Pierre Dhariette, marchand de fer et administrateur de l\u2019Aum\u00f4nerie de Quimper, dont les descendant s\u2019\u00e9tablirent en Espagne.<br\/>\r\n<a name=\"11\">(11)<\/a> Bulletin Dioc\u00e9sain, 1912, p. 378.<br\/>\r\n<a name=\"12\">(12)<\/a> Fils de Jean Gourmelen, notaire \u00e0 Pouldavid (1641) et de L\u00e9v\u00e9n\u00e8ze F\u00e9rec. __A cette famille para\u00eet avoir appartenu le c\u00e9l\u00e8bre docteur en m\u00e9decine Etienne Gourmelen, mort \u00e0 Paris en 1593.\t\t\t\t\t\t <\/div>\r\n\t\t\t\t\t\t\t\t\t\t\t\t <div role=\"tabpanel\" class=\"tab-pane \" id=\"tabs_desc_186_5\">\r\n\t\t\t\t\t\t\t\t<p style=\"text-align: justify;\">Outre les calvaires que l\u2019on voit au bourg et \u00e0 St Vendal, Pouldergat a conserv\u00e9 trois de ses anciennes croix<a href=\"#13\">(13)<\/a>. L\u2019une d\u2019elles qui porte la date de 1583, a \u00e9t\u00e9 relev\u00e9e en 1872, \u00e0 l\u2019ouest du village de Kerlivit (Kerhiliquit en 1255).\r\nUne autre, peut-\u00eatre plus ancienne et dont le socle est exhauss\u00e9 par plusieurs degr\u00e9s, s\u2019\u00e9l\u00e8ve non loin du Creac\u2019h, pr\u00e8s de la route qui conduit du bourg \u00e0 Keranpap.\r\nA l\u2019entr\u00e9e du chemin du Coadic, une troisi\u00e8me croix dont le sommet avait disparu, a \u00e9t\u00e9 restaur\u00e9e par les soins de M. Le Brun.\r\nIl ne reste aucun vestige de la croix qui, d\u2019apr\u00e8s la tradition, aurait \u00e9t\u00e9 \u00e9rig\u00e9e \u00e0 300 m\u00e8tres environ au nord de Creac\u2019h-Goyen, \u00e0 l\u2019endroit o\u00f9 la Sainte Vierge apparut au v\u00e9n\u00e9rable Michel le Nobletz.<\/p>\r\n<a name=\"13\">(13)<\/a> La croix de Pratdin\u00e9rou dont l\u2019emplacement fut donn\u00e9 par Madame de Vuillefroy, n\u00e9e Cillart, ne date que du si\u00e8cle dernier.\t\t\t\t\t\t <\/div>\r\n\t\t\t\t\t\t\t\t\t\t\t\t <div role=\"tabpanel\" class=\"tab-pane \" id=\"tabs_desc_186_6\">\r\n\t\t\t\t\t\t\t\t\t\t\t\t\t\t\t<h3 style=\"margin-bottom:20px ;display:block;width:100%;margin-top:10px\">Monuments anciens <\/h3>\r\n\t\t\t\t\t\t\t\t<style>\r\n\t\t\t\t\r\n\t\t\t\t\t#tab_container_193 {\r\n\toverflow:hidden;\r\n\tdisplay:block;\r\n\twidth:100%;\r\n\tborder:0px solid #ddd;\r\n\tmargin-bottom:30px;\r\n\t}\r\n\r\n#tab_container_193 .tab-content{\r\n\tpadding:20px;\r\n\tborder: 1px solid #e6e6e6 !important;\r\n\tmargin-top: 0px;\r\n\tbackground-color:#ffffff !important;\r\n\tcolor: #000000 !important;\r\n\tfont-size:16px !important;\r\n\tfont-family: Open Sans !important;\r\n\t\r\n\t\tborder: 1px solid #e6e6e6 !important;\r\n\t}\r\n#tab_container_193 .wpsm_nav-tabs {\r\n    border-bottom: 0px solid #ddd;\r\n}\r\n#tab_container_193 .wpsm_nav-tabs > li.active > a, #tab_container_193 .wpsm_nav-tabs > li.active > a:hover, #tab_container_193 .wpsm_nav-tabs > li.active > a:focus {\r\n\tcolor: #000000 !important;\r\n\tcursor: default;\r\n\tbackground-color: #ffffff !important;\r\n\tborder: 1px solid #e6e6e6 !important;\r\n}\r\n\r\n#tab_container_193 .wpsm_nav-tabs > li > a {\r\n    margin-right: 0px !important; \r\n    line-height: 1.42857143 !important;\r\n    border: 1px solid #d5d5d5 !important;\r\n    border-radius: 0px 0px 0 0 !important; \r\n\tbackground-color: #e8e8e8 !important;\r\n\tcolor: #000000 !important;\r\n\tpadding: 15px 18px 15px 18px !important;\r\n\ttext-decoration: none !important;\r\n\tfont-size: 14px !important;\r\n\ttext-align:center !important;\r\n\tfont-family: Open Sans !important;\r\n}\r\n#tab_container_193 .wpsm_nav-tabs > li > a:focus {\r\noutline: 0px !important;\r\n}\r\n\r\n#tab_container_193 .wpsm_nav-tabs > li > a:before {\r\n\tdisplay:none !important;\r\n}\r\n#tab_container_193 .wpsm_nav-tabs > li > a:after {\r\n\tdisplay:none !important ;\r\n}\r\n#tab_container_193 .wpsm_nav-tabs > li{\r\npadding:0px !important ;\r\nmargin:0px;\r\n}\r\n\r\n#tab_container_193 .wpsm_nav-tabs > li > a:hover , #tab_container_193 .wpsm_nav-tabs > li > a:focus {\r\n    color: #000000 !important;\r\n    background-color: #e8e8e8 !important;\r\n\tborder: 1px solid #d5d5d5 !important;\r\n\t\r\n}\r\n#tab_container_193 .wpsm_nav-tabs > li > a .fa{\r\n\r\nmargin-right:5px !important;\r\n\r\nmargin-left:5px !important;\r\n\r\n\r\n}\r\n\r\n\t\t#tab_container_193 .wpsm_nav-tabs a{\r\n\t\t\tbackground-image: none;\r\n\t\t\tbackground-position: 0 0;\r\n\t\t\tbackground-repeat: repeat-x;\r\n\t\t}\r\n\t\t\t\r\n\r\n\r\n#tab_container_193 .wpsm_nav-tabs > li {\r\n    float: left;\r\n    margin-bottom: -1px !important;\r\n\tmargin-right:0px !important; \r\n}\r\n\r\n\r\n#tab_container_193 .tab-content{\r\noverflow:hidden !important;\r\n}\r\n\r\n\r\n@media (min-width: 769px) {\r\n\r\n\t#tab_container_193 .wpsm_nav-tabs > li{\r\n\t\tfloat:left !important ;\r\n\t\t\t\tmargin-right:-1px !important;\r\n\t\t\t\t\t}\r\n\t#tab_container_193 .wpsm_nav-tabs{\r\n\t\tfloat:none !important;\r\n\t\tmargin:0px !important;\r\n\t}\r\n\r\n\t#tab_container_193 .wpsm_nav-tabs > li {\r\n\t\t\t\t\r\n\t}\r\n\t#tab_container_193 .wpsm_nav{\r\n\t\t\t}\r\n\r\n}\r\n\r\n\r\n\r\n@media (max-width: 768px) {\r\n\t#tab_container_193 .wpsm_nav-tabs > li {\r\n\t\t\t\t\r\n\t}\r\n\t#tab_container_193 .wpsm_nav{\r\n\t\t\t}\r\n}\r\n\r\n\r\n\t.wpsm_nav-tabs li:before{\r\n\t\tdisplay:none !important;\r\n\t}\r\n\r\n\t@media (max-width: 768px) {\r\n\t\t\t\t\r\n\t\t\t\t.wpsm_nav-tabs{\r\n\t\t\tmargin-left:0px !important;\r\n\t\t\tmargin-right:0px !important; \r\n\t\t\t\r\n\t\t}\r\n\t\t\t\t#tab_container_193 .wpsm_nav-tabs > li{\r\n\t\t\tfloat:none !important;\r\n\t\t}\r\n\t\t\t\r\n\t}\t\t\t\t<\/style>\r\n\t\t\t\t<div id=\"tab_container_193\" >\r\n\t \r\n\t\t\t\t\t<ul class=\"wpsm_nav wpsm_nav-tabs\" role=\"tablist\" id=\"myTab_193\">\r\n\t\t\t\t\t\t\t\r\n\t\t\t\t\t\t\t<li role=\"presentation\"  class=\"active\"  onclick=\"do_resize()\">\r\n\t\t\t\t\t\t\t\t<a href=\"#tabs_desc_193_1\" aria-controls=\"tabs_desc_193_1\" role=\"tab\" data-toggle=\"tab\">\r\n\t\t\t\t\t\t\t\t\t\r\n\t\t\t\t\t\t\t\t\t\t\t\t\t\t\t\t\t\t\t\t\t\t\t\t\t\t\t\t\t\t\t\t\t\t\t\t\t\t\t\t\t\t\t\t\t\t\t\t\t\r\n\t\t\t\t\t\t\t\t\t\t\t\t\t\t\t\t\t\t\r\n\t\t\t\t\t\t\t\t\t<span>Epoque pr\u00e9romaine<\/span>\r\n\t\t\t\t\t\t\t\t\t\r\n\t\t\t\t\t\t\t\t\t\t\t\t\t\t\t\t\t\t\r\n\t\t\t\t\t\t\t\t\t\t\t\t\t\t\t\t\t\t\t\t\r\n\t\t\t\t\t\t\t\t\t\r\n\t\t\t\t\t\t\t\t<\/a>\r\n\t\t\t\t\t\t\t<\/li>\r\n\t\t\t\t\t\t\t\r\n\t\t\t\t\t\t\t<li role=\"presentation\"  onclick=\"do_resize()\">\r\n\t\t\t\t\t\t\t\t<a href=\"#tabs_desc_193_2\" aria-controls=\"tabs_desc_193_2\" role=\"tab\" data-toggle=\"tab\">\r\n\t\t\t\t\t\t\t\t\t\r\n\t\t\t\t\t\t\t\t\t\t\t\t\t\t\t\t\t\t\t\t\t\t\t\t\t\t\t\t\t\t\t\t\t\t\t\t\t\t\t\t\t\t\t\t\t\t\t\t\t\r\n\t\t\t\t\t\t\t\t\t\t\t\t\t\t\t\t\t\t\r\n\t\t\t\t\t\t\t\t\t<span>Epoque gallo-romaine<\/span>\r\n\t\t\t\t\t\t\t\t\t\r\n\t\t\t\t\t\t\t\t\t\t\t\t\t\t\t\t\t\t\r\n\t\t\t\t\t\t\t\t\t\t\t\t\t\t\t\t\t\t\t\t\r\n\t\t\t\t\t\t\t\t\t\r\n\t\t\t\t\t\t\t\t<\/a>\r\n\t\t\t\t\t\t\t<\/li>\r\n\t\t\t\t\t\t\t\r\n\t\t\t\t\t\t\t<li role=\"presentation\"  onclick=\"do_resize()\">\r\n\t\t\t\t\t\t\t\t<a href=\"#tabs_desc_193_3\" aria-controls=\"tabs_desc_193_3\" role=\"tab\" data-toggle=\"tab\">\r\n\t\t\t\t\t\t\t\t\t\r\n\t\t\t\t\t\t\t\t\t\t\t\t\t\t\t\t\t\t\t\t\t\t\t\t\t\t\t\t\t\t\t\t\t\t\t\t\t\t\t\t\t\t\t\t\t\t\t\t\t\r\n\t\t\t\t\t\t\t\t\t\t\t\t\t\t\t\t\t\t\r\n\t\t\t\t\t\t\t\t\t<span>Voie de Kerity \u00e0 Keris<\/span>\r\n\t\t\t\t\t\t\t\t\t\r\n\t\t\t\t\t\t\t\t\t\t\t\t\t\t\t\t\t\t\r\n\t\t\t\t\t\t\t\t\t\t\t\t\t\t\t\t\t\t\t\t\r\n\t\t\t\t\t\t\t\t\t\r\n\t\t\t\t\t\t\t\t<\/a>\r\n\t\t\t\t\t\t\t<\/li>\r\n\t\t\t\t\t\t\t\t\t\t\t <\/ul>\r\n\r\n\t\t\t\t\t  <!-- Tab panes -->\r\n\t\t\t\t\t  <div class=\"tab-content\" id=\"tab-content_193\">\r\n\t\t\t\t\t\t\t\t\t\t\t\t <div role=\"tabpanel\" class=\"tab-pane  in active \" id=\"tabs_desc_193_1\">\r\n\t\t\t\t\t\t\t\t<p style=\"text-align: justify;\">Pr\u00e8s du village de Cornanco\u00ebt, on voit une enceinte fortifi\u00e9e de forme circulaire qui mesure, \u00e0 l\u2019int\u00e9rieur des retranchements, 25 m\u00e8tres de diam\u00e8tre et qui renferme quelques substructions. Mr le baron du Fretay attribuait une origine gauloise \u00e0 cette enceinte qu\u2019il avait explor\u00e9e en 1893 et o\u00f9 il recueillit une certaine quantit\u00e9 d\u2019objets en fer.\r\nLa m\u00eame ann\u00e9e, sur les d\u00e9pendances de Kerlivit, fut explor\u00e9 un petit tumulus qui recouvrait un dolmen. On trouva dans la crypte deux poignards en bronze parfaitement conserv\u00e9s, une pointe de fl\u00e8che et de boulets en pierre.\r\nDans la montagne de Tr\u00e9len (passage de l\u2019\u00e9tang), sur les hauteurs qui dominent le Moulin-Neuf, les gaulois avaient \u00e9tabli un vaste oppidum dont les substructions couvraient plus d\u2019un hectare. Ces ruines, connues dans le pays sous le nom de Pouldahut Bihan, ont disparue lors de la mise en culture du terrain qu\u2019elles occupaient. A peu de distance de cet oppidum, sur la montagne de\u00a0Creach-Goyen, il existe un \u00e9tablissement qui, sans avoir l\u2019importance du pr\u00e9c\u00e9dent, devait appartenir \u00e0 la m\u00eame \u00e9poque.\r\nLes vestiges gaulois abondent d\u2019ailleurs dans cette r\u00e9gion. Au cours d\u2019une excursion arch\u00e9ologique, Mrs le Chanoine Abgrall et E. de L\u00e9cluse ont d\u00e9couvert un oppidum assez important sur les terres du Mont en Poullan, village situ\u00e9 sur les confins de Pouldergat, \u00e0 800 m\u00e8tres au sud-ouest de la chapelle St Vendal.<\/p>\r\n<a name=\"14\">(14)<\/a>Menez Trelen qui d\u00e9pendait du domaine royal, contenait 165 journaux, d\u2019apr\u00e8s un mesurage de 1642. Aff\u00e9ag\u00e9e vers cette \u00e9poque \u00e0 Christophe Fouquet de Chalain, elle fut divis\u00e9e en plusieurs lots qu\u2019acquirent les villages voisins.  __A l\u2019est de m\u00e9nez Trelen, s\u2019\u00e9tendait un \u00e9tang de 50 journaux, aujourd\u2019hui dessech\u00e9, qui d\u00e9pendait du moulin de Pontmeur, appel\u00e9 ensuite Moulin de Bonescat et, en dernier lieu Moulin vert.\t\t\t\t\t\t <\/div>\r\n\t\t\t\t\t\t\t\t\t\t\t\t <div role=\"tabpanel\" class=\"tab-pane \" id=\"tabs_desc_193_2\">\r\n\t\t\t\t\t\t\t\t<p style=\"text-align: justify;\">Nombreuses sont les traces que l\u2019occupation romaine a laiss\u00e9 dans Pouldergat o\u00f9 l\u2019on rencontre plusieurs villages aux nom caract\u00e9ristiques comme Kerromen, le Questel et Kerstrat, ainsi que trois ou quatre tron\u00e7ons de voies dont l\u2019origine romaine ne para\u00eet pas douteuse et enfin les enceintes fortifi\u00e9es de Tr\u00e9zent, de Penguilly et de Botcarn. Ce dernier camp pr\u00e8s duquel des tuiles \u00e0 rebord ont \u00e9t\u00e9 recueillies, a la forme d\u2019un parall\u00e9logramme \u00e0 angles arrondis et une superficie de trente cinq \u00e0 quarante ares. Il commandait une des voies qui reliaient Keris \u00e0 Audierne.<\/p>\r\n<p style=\"text-align: justify;\">Le camp retranch\u00e9 de Tr\u00e9zent, situ\u00e9 au midi du village de ce nom, est aujourd\u2019hui en parti d\u00e9truit. De m\u00eame que celui de Penguilly, il aurait \u00e9t\u00e9 \u00e9tabli, d\u2019apr\u00e8s Mr le Dr Picquenard, en vue d\u2019assurer, du c\u00f4t\u00e9 sud, la d\u00e9fense de la ville d\u2019Is et de sa banlieue.<\/p>\r\n<p style=\"text-align: center;\">*<\/p>\r\n<p style=\"text-align: center;\">**\uf098\uf098<\/p>\r\n<p style=\"text-align: justify;\">La plupart des voies qui autrefois sillonnaient Pouldergat ont \u00e9t\u00e9 d\u00e9crites par Mr le Dr Picquenard dans l\u2019int\u00e9ressante \u00e9tude sur \u00ab\u00a0le Ville d\u2019Is et ses environs\u00a0\u00bb qu\u2019a publi\u00e9 le Bulletin de la Soci\u00e9t\u00e9 Arch\u00e9ologique de 1906.<\/p>\r\n<p style=\"text-align: justify;\">Une de ces voies reliait Keris \u00e0 Vindana Portus (Audierne). Son trac\u00e9 est encore parfaitement reconnaissable depuis Pouldavid jusqu\u2019au Dinv\u00e8s, au sud de la route moderne de Douarnenez \u00e0 Audierne par Pont-Croix.<\/p>\r\n<p style=\"text-align: justify;\">Sur cette voie s\u2019embranchait, au nord du village de Lanriec, une voie secondaire \u00ab\u00a0passant \u00e0 Keranpape et Botcarn, entre Hentmeur et le Moguermeur, au nord de Penguilly, Lesivy, Trobeuzec, Lesvoayen, au bourg de Meilar et aboutissant sur la voie principale \u00e0 700 m\u00e8tres \u00e0 l\u2019ouest de la chapelle de Confort.\u00a0\u00bb<\/p>\r\n<p style=\"text-align: justify;\">Une autre voie, restaur\u00e9e au XIX\u00e8me si\u00e8cle et d\u00e9nomm\u00e9e \u00ab\u00a0la petite route de Pont-Croix\u00a0\u00bb\u00a0, se d\u00e9tachait au sud-est de Kerfr\u00e9ost de la grande voie de Civitas Aquilonia \u00e0 Keris et passait entre Guerveur et Kerstrat, puis \u00e0 500 m\u00e8tres au sud du bourg de Pouldergat, au nord de Botgragues et du Moguermeur et enfin \u00e0 Lanfiat avant de rejoindre au sud de Keramoal (en Poullan) la voie de Keris \u00e0 Audierne.<\/p>\t\t\t\t\t\t <\/div>\r\n\t\t\t\t\t\t\t\t\t\t\t\t <div role=\"tabpanel\" class=\"tab-pane \" id=\"tabs_desc_193_3\">\r\n\t\t\t\t\t\t\t\t<p style=\"text-align: justify;\">Cette voie qui n\u2019a pas encore attir\u00e9 l\u2019attention des arch\u00e9ologues, mettait en communication les deux principaux havres de la r\u00e9gion. Ant\u00e9rieurement \u00e0 la conqu\u00eate, elle desservait un certain nombre d\u2019oppidums gaulois. Les romains en firent une route strat\u00e9gique et \u00e9tablirent sur son parcours plusieurs camps dont le plus important est celui de Kergurunet en Plogastel.<\/p>\r\n<p style=\"text-align: justify;\">Apr\u00e8s avoir travers\u00e9 les territoires de Beuzec-Cap-Caval, Ploneour, Peumerit, Plogastel et Landudec, la voie, franchissant le Goyen sur Pontmeur, entrait dans Pouldergat. Elle contournait \u00e0 l\u2019est la montagne de Tr\u00e9len , passait par Kervarl\u00e9 Cor, le Petit Bourg, Bodonap, le Moulin du Questel, le village du Guilly et arrivait au pont Tr\u00e9not jet\u00e9 sur le cours d\u2019eau qui s\u00e9pare Pouldergat de Ploar\u00e9.<\/p>\r\n<p style=\"text-align: justify;\">Sur le territoire de Ploar\u00e9, la voie se continuant par Troman\u00e9, Keramestre et Kerru, rencontrait la voie de Civitas Aquilonia\u00e0 Keris au nord-est de Tuongouzel. Dans ce dernier village les romains ont laiss\u00e9 comme souvenir de leur occupation le petit poste qui domine le vallon de Pouldavid et les ruines d\u2019un temple qui devait remonter au r\u00e8gne d\u2019Auguste<a href=\"#15\">(15)<\/a>.<\/p>\r\n\r\n<a name=\"15\">(15)<\/a> Ce temple, de forme rectangulaire, mesurant dans \u0153uvre 6m75 sur 13m75, \u00e9tait entour\u00e9 d\u2019une galerie circulaire (Bull. arch. du Finist\u00e8re, 1894, p. 160).\t\t\t\t\t\t <\/div>\r\n\t\t\t\t\t\t\t\r\n\t\t\t\t\t <\/div>\r\n\t\t\t\t\t \r\n\t\t\t\t <\/div>\r\n <script>\r\n\t\tjQuery(function () {\r\n\t\t\tjQuery('#myTab_193 a:first').tab('show')\r\n\t\t});\r\n\t\t\r\n\t\t\t\tjQuery(function(){\r\n\t\t\tvar b=\"fadeIn\";\r\n\t\t\tvar c;\r\n\t\t\tvar a;\r\n\t\t\td(jQuery(\"#myTab_193 a\"),jQuery(\"#tab-content_193\"));function d(e,f,g){\r\n\t\t\t\te.click(function(i){\r\n\t\t\t\t\ti.preventDefault();\r\n\t\t\t\t\tjQuery(this).tab(\"show\");\r\n\t\t\t\t\tvar h=jQuery(this).data(\"easein\");\r\n\t\t\t\t\tif(c){c.removeClass(a);}\r\n\t\t\t\t\tif(h){f.find(\"div.active\").addClass(\"animated \"+h);a=h;}\r\n\t\t\t\t\telse{if(g){f.find(\"div.active\").addClass(\"animated \"+g);a=g;}else{f.find(\"div.active\").addClass(\"animated \"+b);a=b;}}c=f.find(\"div.active\");\r\n\t\t\t\t});\r\n\t\t\t}\r\n\t\t});\r\n\t\t\r\n\r\n\t\tfunction do_resize(){\r\n\r\n\t\t\tvar width=jQuery( '.tab-content .tab-pane iframe' ).width();\r\n\t\t\tvar height=jQuery( '.tab-content .tab-pane iframe' ).height();\r\n\r\n\t\t\tvar toggleSize = true;\r\n\t\t\tjQuery('iframe').animate({\r\n\t\t\t    width: toggleSize ? width : 640,\r\n\t\t\t    height: toggleSize ? height : 360\r\n\t\t\t  }, 250);\r\n\r\n\t\t\t  toggleSize = !toggleSize;\r\n\t\t}\r\n\r\n\r\n\t<\/script>\r\n\t\t\t\t\r\n\t\t\t\t\t\t\t\t\t <\/div>\r\n\t\t\t\t\t\t\t\t\t\t\t\t <div role=\"tabpanel\" class=\"tab-pane \" id=\"tabs_desc_186_7\">\r\n\t\t\t\t\t\t\t\t\t\t\t\t\t\t\t<h3 style=\"margin-bottom:20px ;display:block;width:100%;margin-top:10px\">Anciens manoirs <\/h3>\r\n\t\t\t\t\t\t\t\t<style>\r\n\t\t\t\t\r\n\t\t\t\t\t#tab_container_194 {\r\n\toverflow:hidden;\r\n\tdisplay:block;\r\n\twidth:100%;\r\n\tborder:0px solid #ddd;\r\n\tmargin-bottom:30px;\r\n\t}\r\n\r\n#tab_container_194 .tab-content{\r\n\tpadding:20px;\r\n\tborder: 1px solid #e6e6e6 !important;\r\n\tmargin-top: 0px;\r\n\tbackground-color:#ffffff !important;\r\n\tcolor: #000000 !important;\r\n\tfont-size:16px !important;\r\n\tfont-family: Open Sans !important;\r\n\t\r\n\t\tborder: 1px solid #e6e6e6 !important;\r\n\t}\r\n#tab_container_194 .wpsm_nav-tabs {\r\n    border-bottom: 0px solid #ddd;\r\n}\r\n#tab_container_194 .wpsm_nav-tabs > li.active > a, #tab_container_194 .wpsm_nav-tabs > li.active > a:hover, #tab_container_194 .wpsm_nav-tabs > li.active > a:focus {\r\n\tcolor: #000000 !important;\r\n\tcursor: default;\r\n\tbackground-color: #ffffff !important;\r\n\tborder: 1px solid #e6e6e6 !important;\r\n}\r\n\r\n#tab_container_194 .wpsm_nav-tabs > li > a {\r\n    margin-right: 0px !important; \r\n    line-height: 1.42857143 !important;\r\n    border: 1px solid #d5d5d5 !important;\r\n    border-radius: 0px 0px 0 0 !important; \r\n\tbackground-color: #e8e8e8 !important;\r\n\tcolor: #000000 !important;\r\n\tpadding: 15px 18px 15px 18px !important;\r\n\ttext-decoration: none !important;\r\n\tfont-size: 14px !important;\r\n\ttext-align:center !important;\r\n\tfont-family: Open Sans !important;\r\n}\r\n#tab_container_194 .wpsm_nav-tabs > li > a:focus {\r\noutline: 0px !important;\r\n}\r\n\r\n#tab_container_194 .wpsm_nav-tabs > li > a:before {\r\n\tdisplay:none !important;\r\n}\r\n#tab_container_194 .wpsm_nav-tabs > li > a:after {\r\n\tdisplay:none !important ;\r\n}\r\n#tab_container_194 .wpsm_nav-tabs > li{\r\npadding:0px !important ;\r\nmargin:0px;\r\n}\r\n\r\n#tab_container_194 .wpsm_nav-tabs > li > a:hover , #tab_container_194 .wpsm_nav-tabs > li > a:focus {\r\n    color: #000000 !important;\r\n    background-color: #e8e8e8 !important;\r\n\tborder: 1px solid #d5d5d5 !important;\r\n\t\r\n}\r\n#tab_container_194 .wpsm_nav-tabs > li > a .fa{\r\n\r\nmargin-right:5px !important;\r\n\r\nmargin-left:5px !important;\r\n\r\n\r\n}\r\n\r\n\t\t#tab_container_194 .wpsm_nav-tabs a{\r\n\t\t\tbackground-image: none;\r\n\t\t\tbackground-position: 0 0;\r\n\t\t\tbackground-repeat: repeat-x;\r\n\t\t}\r\n\t\t\t\r\n\r\n\r\n#tab_container_194 .wpsm_nav-tabs > li {\r\n    float: left;\r\n    margin-bottom: -1px !important;\r\n\tmargin-right:0px !important; \r\n}\r\n\r\n\r\n#tab_container_194 .tab-content{\r\noverflow:hidden !important;\r\n}\r\n\r\n\r\n@media (min-width: 769px) {\r\n\r\n\t#tab_container_194 .wpsm_nav-tabs > li{\r\n\t\tfloat:left !important ;\r\n\t\t\t\tmargin-right:-1px !important;\r\n\t\t\t\t\t}\r\n\t#tab_container_194 .wpsm_nav-tabs{\r\n\t\tfloat:none !important;\r\n\t\tmargin:0px !important;\r\n\t}\r\n\r\n\t#tab_container_194 .wpsm_nav-tabs > li {\r\n\t\t\t\t\r\n\t}\r\n\t#tab_container_194 .wpsm_nav{\r\n\t\t\t}\r\n\r\n}\r\n\r\n\r\n\r\n@media (max-width: 768px) {\r\n\t#tab_container_194 .wpsm_nav-tabs > li {\r\n\t\t\t\t\r\n\t}\r\n\t#tab_container_194 .wpsm_nav{\r\n\t\t\t}\r\n}\r\n\r\n\r\n\t.wpsm_nav-tabs li:before{\r\n\t\tdisplay:none !important;\r\n\t}\r\n\r\n\t@media (max-width: 768px) {\r\n\t\t\t\t\r\n\t\t\t\t.wpsm_nav-tabs{\r\n\t\t\tmargin-left:0px !important;\r\n\t\t\tmargin-right:0px !important; \r\n\t\t\t\r\n\t\t}\r\n\t\t\t\t#tab_container_194 .wpsm_nav-tabs > li{\r\n\t\t\tfloat:none !important;\r\n\t\t}\r\n\t\t\t\r\n\t}\t\t\t\t<\/style>\r\n\t\t\t\t<div id=\"tab_container_194\" >\r\n\t \r\n\t\t\t\t\t<ul class=\"wpsm_nav wpsm_nav-tabs\" role=\"tablist\" id=\"myTab_194\">\r\n\t\t\t\t\t\t\t\r\n\t\t\t\t\t\t\t<li role=\"presentation\"  class=\"active\"  onclick=\"do_resize()\">\r\n\t\t\t\t\t\t\t\t<a href=\"#tabs_desc_194_1\" aria-controls=\"tabs_desc_194_1\" role=\"tab\" data-toggle=\"tab\">\r\n\t\t\t\t\t\t\t\t\t\r\n\t\t\t\t\t\t\t\t\t\t\t\t\t\t\t\t\t\t\t\t\t\t\t\t\t\t\t\t\t\t\t\t\t\t\t\t\t\t\t\t\t\t\t\t\t\t\t\t\t\r\n\t\t\t\t\t\t\t\t\t\t\t\t\t\t\t\t\t\t\r\n\t\t\t\t\t\t\t\t\t<span>Le Moguermeur<\/span>\r\n\t\t\t\t\t\t\t\t\t\r\n\t\t\t\t\t\t\t\t\t\t\t\t\t\t\t\t\t\t\r\n\t\t\t\t\t\t\t\t\t\t\t\t\t\t\t\t\t\t\t\t\r\n\t\t\t\t\t\t\t\t\t\r\n\t\t\t\t\t\t\t\t<\/a>\r\n\t\t\t\t\t\t\t<\/li>\r\n\t\t\t\t\t\t\t\r\n\t\t\t\t\t\t\t<li role=\"presentation\"  onclick=\"do_resize()\">\r\n\t\t\t\t\t\t\t\t<a href=\"#tabs_desc_194_2\" aria-controls=\"tabs_desc_194_2\" role=\"tab\" data-toggle=\"tab\">\r\n\t\t\t\t\t\t\t\t\t\r\n\t\t\t\t\t\t\t\t\t\t\t\t\t\t\t\t\t\t\t\t\t\t\t\t\t\t\t\t\t\t\t\t\t\t\t\t\t\t\t\t\t\t\t\t\t\t\t\t\t\r\n\t\t\t\t\t\t\t\t\t\t\t\t\t\t\t\t\t\t\r\n\t\t\t\t\t\t\t\t\t<span>Kergu\u00e9l\u00e9nen<\/span>\r\n\t\t\t\t\t\t\t\t\t\r\n\t\t\t\t\t\t\t\t\t\t\t\t\t\t\t\t\t\t\r\n\t\t\t\t\t\t\t\t\t\t\t\t\t\t\t\t\t\t\t\t\r\n\t\t\t\t\t\t\t\t\t\r\n\t\t\t\t\t\t\t\t<\/a>\r\n\t\t\t\t\t\t\t<\/li>\r\n\t\t\t\t\t\t\t\r\n\t\t\t\t\t\t\t<li role=\"presentation\"  onclick=\"do_resize()\">\r\n\t\t\t\t\t\t\t\t<a href=\"#tabs_desc_194_3\" aria-controls=\"tabs_desc_194_3\" role=\"tab\" data-toggle=\"tab\">\r\n\t\t\t\t\t\t\t\t\t\r\n\t\t\t\t\t\t\t\t\t\t\t\t\t\t\t\t\t\t\t\t\t\t\t\t\t\t\t\t\t\t\t\t\t\t\t\t\t\t\t\t\t\t\t\t\t\t\t\t\t\r\n\t\t\t\t\t\t\t\t\t\t\t\t\t\t\t\t\t\t\r\n\t\t\t\t\t\t\t\t\t<span>Le Questel<\/span>\r\n\t\t\t\t\t\t\t\t\t\r\n\t\t\t\t\t\t\t\t\t\t\t\t\t\t\t\t\t\t\r\n\t\t\t\t\t\t\t\t\t\t\t\t\t\t\t\t\t\t\t\t\r\n\t\t\t\t\t\t\t\t\t\r\n\t\t\t\t\t\t\t\t<\/a>\r\n\t\t\t\t\t\t\t<\/li>\r\n\t\t\t\t\t\t\t\r\n\t\t\t\t\t\t\t<li role=\"presentation\"  onclick=\"do_resize()\">\r\n\t\t\t\t\t\t\t\t<a href=\"#tabs_desc_194_4\" aria-controls=\"tabs_desc_194_4\" role=\"tab\" data-toggle=\"tab\">\r\n\t\t\t\t\t\t\t\t\t\r\n\t\t\t\t\t\t\t\t\t\t\t\t\t\t\t\t\t\t\t\t\t\t\t\t\t\t\t\t\t\t\t\t\t\t\t\t\t\t\t\t\t\t\t\t\t\t\t\t\t\r\n\t\t\t\t\t\t\t\t\t\t\t\t\t\t\t\t\t\t\r\n\t\t\t\t\t\t\t\t\t<span>Le Guilly<\/span>\r\n\t\t\t\t\t\t\t\t\t\r\n\t\t\t\t\t\t\t\t\t\t\t\t\t\t\t\t\t\t\r\n\t\t\t\t\t\t\t\t\t\t\t\t\t\t\t\t\t\t\t\t\r\n\t\t\t\t\t\t\t\t\t\r\n\t\t\t\t\t\t\t\t<\/a>\r\n\t\t\t\t\t\t\t<\/li>\r\n\t\t\t\t\t\t\t\r\n\t\t\t\t\t\t\t<li role=\"presentation\"  onclick=\"do_resize()\">\r\n\t\t\t\t\t\t\t\t<a href=\"#tabs_desc_194_5\" aria-controls=\"tabs_desc_194_5\" role=\"tab\" data-toggle=\"tab\">\r\n\t\t\t\t\t\t\t\t\t\r\n\t\t\t\t\t\t\t\t\t\t\t\t\t\t\t\t\t\t\t\t\t\t\t\t\t\t\t\t\t\t\t\t\t\t\t\t\t\t\t\t\t\t\t\t\t\t\t\t\t\r\n\t\t\t\t\t\t\t\t\t\t\t\t\t\t\t\t\t\t\r\n\t\t\t\t\t\t\t\t\t<span>Tr\u00e9m\u00e9brit<\/span>\r\n\t\t\t\t\t\t\t\t\t\r\n\t\t\t\t\t\t\t\t\t\t\t\t\t\t\t\t\t\t\r\n\t\t\t\t\t\t\t\t\t\t\t\t\t\t\t\t\t\t\t\t\r\n\t\t\t\t\t\t\t\t\t\r\n\t\t\t\t\t\t\t\t<\/a>\r\n\t\t\t\t\t\t\t<\/li>\r\n\t\t\t\t\t\t\t\r\n\t\t\t\t\t\t\t<li role=\"presentation\"  onclick=\"do_resize()\">\r\n\t\t\t\t\t\t\t\t<a href=\"#tabs_desc_194_6\" aria-controls=\"tabs_desc_194_6\" role=\"tab\" data-toggle=\"tab\">\r\n\t\t\t\t\t\t\t\t\t\r\n\t\t\t\t\t\t\t\t\t\t\t\t\t\t\t\t\t\t\t\t\t\t\t\t\t\t\t\t\t\t\t\t\t\t\t\t\t\t\t\t\t\t\t\t\t\t\t\t\t\r\n\t\t\t\t\t\t\t\t\t\t\t\t\t\t\t\t\t\t\r\n\t\t\t\t\t\t\t\t\t<span>Kervern<\/span>\r\n\t\t\t\t\t\t\t\t\t\r\n\t\t\t\t\t\t\t\t\t\t\t\t\t\t\t\t\t\t\r\n\t\t\t\t\t\t\t\t\t\t\t\t\t\t\t\t\t\t\t\t\r\n\t\t\t\t\t\t\t\t\t\r\n\t\t\t\t\t\t\t\t<\/a>\r\n\t\t\t\t\t\t\t<\/li>\r\n\t\t\t\t\t\t\t\r\n\t\t\t\t\t\t\t<li role=\"presentation\"  onclick=\"do_resize()\">\r\n\t\t\t\t\t\t\t\t<a href=\"#tabs_desc_194_7\" aria-controls=\"tabs_desc_194_7\" role=\"tab\" data-toggle=\"tab\">\r\n\t\t\t\t\t\t\t\t\t\r\n\t\t\t\t\t\t\t\t\t\t\t\t\t\t\t\t\t\t\t\t\t\t\t\t\t\t\t\t\t\t\t\t\t\t\t\t\t\t\t\t\t\t\t\t\t\t\t\t\t\r\n\t\t\t\t\t\t\t\t\t\t\t\t\t\t\t\t\t\t\r\n\t\t\t\t\t\t\t\t\t<span>Le Cloarec<\/span>\r\n\t\t\t\t\t\t\t\t\t\r\n\t\t\t\t\t\t\t\t\t\t\t\t\t\t\t\t\t\t\r\n\t\t\t\t\t\t\t\t\t\t\t\t\t\t\t\t\t\t\t\t\r\n\t\t\t\t\t\t\t\t\t\r\n\t\t\t\t\t\t\t\t<\/a>\r\n\t\t\t\t\t\t\t<\/li>\r\n\t\t\t\t\t\t\t\r\n\t\t\t\t\t\t\t<li role=\"presentation\"  onclick=\"do_resize()\">\r\n\t\t\t\t\t\t\t\t<a href=\"#tabs_desc_194_8\" aria-controls=\"tabs_desc_194_8\" role=\"tab\" data-toggle=\"tab\">\r\n\t\t\t\t\t\t\t\t\t\r\n\t\t\t\t\t\t\t\t\t\t\t\t\t\t\t\t\t\t\t\t\t\t\t\t\t\t\t\t\t\t\t\t\t\t\t\t\t\t\t\t\t\t\t\t\t\t\t\t\t\r\n\t\t\t\t\t\t\t\t\t\t\t\t\t\t\t\t\t\t\r\n\t\t\t\t\t\t\t\t\t<span>Kergoff<\/span>\r\n\t\t\t\t\t\t\t\t\t\r\n\t\t\t\t\t\t\t\t\t\t\t\t\t\t\t\t\t\t\r\n\t\t\t\t\t\t\t\t\t\t\t\t\t\t\t\t\t\t\t\t\r\n\t\t\t\t\t\t\t\t\t\r\n\t\t\t\t\t\t\t\t<\/a>\r\n\t\t\t\t\t\t\t<\/li>\r\n\t\t\t\t\t\t\t\r\n\t\t\t\t\t\t\t<li role=\"presentation\"  onclick=\"do_resize()\">\r\n\t\t\t\t\t\t\t\t<a href=\"#tabs_desc_194_9\" aria-controls=\"tabs_desc_194_9\" role=\"tab\" data-toggle=\"tab\">\r\n\t\t\t\t\t\t\t\t\t\r\n\t\t\t\t\t\t\t\t\t\t\t\t\t\t\t\t\t\t\t\t\t\t\t\t\t\t\t\t\t\t\t\t\t\t\t\t\t\t\t\t\t\t\t\t\t\t\t\t\t\r\n\t\t\t\t\t\t\t\t\t\t\t\t\t\t\t\t\t\t\r\n\t\t\t\t\t\t\t\t\t<span>Keranpap<\/span>\r\n\t\t\t\t\t\t\t\t\t\r\n\t\t\t\t\t\t\t\t\t\t\t\t\t\t\t\t\t\t\r\n\t\t\t\t\t\t\t\t\t\t\t\t\t\t\t\t\t\t\t\t\r\n\t\t\t\t\t\t\t\t\t\r\n\t\t\t\t\t\t\t\t<\/a>\r\n\t\t\t\t\t\t\t<\/li>\r\n\t\t\t\t\t\t\t\t\t\t\t <\/ul>\r\n\r\n\t\t\t\t\t  <!-- Tab panes -->\r\n\t\t\t\t\t  <div class=\"tab-content\" id=\"tab-content_194\">\r\n\t\t\t\t\t\t\t\t\t\t\t\t <div role=\"tabpanel\" class=\"tab-pane  in active \" id=\"tabs_desc_194_1\">\r\n\t\t\t\t\t\t\t\t<p style=\"text-align: justify;\">En 1467, le Moguermeur devait appartenir \u00e0 la famille Cogniou qui avait pour armes deux l\u00e9vriers pasants et qui para\u00eet avoir chang\u00e9 son nom contre celui de ce manoir.<\/p>\r\n<p style=\"text-align: justify;\">Le dernier Dumoguermeur qui \u00e9tait notaire, avait \u00e9pous\u00e9 Marie de Lesivy, fille de Ren\u00e9, seigneur de Lesivy et de Kerelleut (Kerlot) et de Marguerite de Pontplancoet. Il mourut sans hoir avant 1536 et, quelques ann\u00e9es plus tard, le manoir du Moguermeur avec son moulin et ses domaines de Penguilly et de\u00a0Hentmeur devint la propri\u00e9t\u00e9 de Jacques Pencoet, sieur de Kerdanet.<\/p>\r\n<p style=\"text-align: justify;\">Cette terre dans la suite passa par alliance aux Gourcuff. Elle fut donn\u00e9e en partage \u00e0 Gilette Gourcuff qui \u00e9pousa en 1611 Jacques Madien, ancien compagnon de la Fontenelle et l\u2019un des derniers defenseurs du fort de l\u2019Ile Tristan<a href=\"#16\">(16)<\/a>.<\/p>\r\n<p style=\"text-align: justify;\">S\u00e9bastien Madien issu de cette union, prenait dans les actes le titre d\u2019\u00e9cuyer. Il produisit \u00e0 la r\u00e9formation de 1670 et fut d\u00e9bout\u00e9 ainsi que son fr\u00e8re pu\u00een\u00e9, Guillaume Madien sieur de Keramoal. D\u00e9c\u00e9d\u00e9 en 1676, il eut pour enfant\u00a0:<\/p>\r\n<p style=\"text-align: justify;\">Vincent Madien qui, pendant pr\u00e8s de trente ans, tint la cure de Pouldergat\u00a0; Marguerite Madien mari\u00e9e avant 1669 \u00e0 Jean de Kergariou, sieur des Foss\u00e9s, et Guy Madien, sieur du Moguermeur, qui mourut en 1677, laissant de son mariage avec Marie Bridou<a href=\"#17\">(17)<\/a> plusieurs enfants.<\/p>\r\n<p style=\"text-align: justify;\">L\u2019a\u00een\u00e9, Jean Madien, d\u00e9c\u00e9d\u00e9 en 1726, avait pour femme Magdeleine Bennery. Il fut p\u00e8re de Jacques Madien qui \u00e9pousa en 1727 sa parente Anne de Kersauzon<a href=\"#18\">(18)<\/a>, fille de feu Vincent-Tanguy de Kersauzon-Penalen et de Marguerite Madien\u00a0.<\/p>\r\n<p style=\"text-align: justify;\">Le Manoir du Moguermeur occupe la partie sud-est d\u2019une enceinte fortifi\u00e9e (n\u00b0 101 du cadastre, Sect E), d\u2019origine probablement romaine, qu\u2019entourait la grande muraille qui a donn\u00e9 son nom \u00e0 cette endroit. La maison d\u2019habitation dont la porte est surmont\u00e9e d\u2019un \u00e9cusson fruste et qui para\u00eet dater du XVII\u00e8me si\u00e8cle, ne comprend au rez-de-chauss\u00e9e qu\u2019une salle, \u00e0 droite de l\u2019entr\u00e9e, avec escalier et cuisine en appentis. Elle est pr\u00e9c\u00e9d\u00e9e d\u2019une cour dont les portes coch\u00e8res en plein cintre s\u2019ouvrent, l\u2019une \u00e0 l\u2019est, sur l\u2019arriv\u00e9e du manoir et ,l\u2019autre au midin sur une rabine conduisant \u00e0 Penguilly.<\/p>\r\n\r\n<a name=\"16\">(16)<\/a> En 1600, lors de la capitulation du fort, Jacques de Lestel sr de la Boulle, Lieutenant de La Fontenelle, obtint des lettres d\u2019abolition pour Jacques Madien et ses compagnons qui \u00e9taient d\u00e9tenus \u00e0 Rennes et \u00e0 Nantes. (Bulletin de la Soci\u00e9t\u00e9 Arc\u00e9ologique 1905. L\u2019\u00eele Tristan par Bourde de la Rogerie, p. 213 et 345).<br\/>\r\n<a name=\"17\">(17)<\/a>  Elle \u00e9tait fille de Bridou, greffier du Pr\u00e9sidial de Quimper en 1630.<br\/>\r\n<a name=\"18\">(18)<\/a>  Avant la c\u00e9l\u00e9bration du mariage, les futurs conjoints pr\u00e9sent\u00e8rent aux invit\u00e9s r\u00e9unis dans la sacristie de Pouldergat un enfant de trois ans, nomm\u00e9 Jean, qu\u2019ils reconnurent pour leur fils. (Archives du greffe du Tribunal civil de Quimper)\t\t\t\t\t\t <\/div>\r\n\t\t\t\t\t\t\t\t\t\t\t\t <div role=\"tabpanel\" class=\"tab-pane \" id=\"tabs_desc_194_2\">\r\n\t\t\t\t\t\t\t\t<p style=\"text-align: justify;\">Les seigneurs de ce nom \u00e9taient issus en ramage de la maison du Juch dont ils portaient les armes d\u2019azur au lion d\u2019argent bris\u00e9es d\u2019une macle d\u2019or. Leur manoir relevait de Coetmorvan. Ce fut \u00e0 Loys de Cornouaille, seigneur de ce\u00a0 fief, que Jehan de Kergu\u00e9l\u00e9nen, chevalier, pr\u00e9senta en 1467 son minu pour le rachat des biens qu\u2019il avait h\u00e9rit\u00e9s de son p\u00e8re, Yvon de Kergu\u00e9l\u00e9nen, d\u00e9c\u00e9d\u00e9 l\u2019ann\u00e9e pr\u00e9c\u00e9dente. Ce minu mentionne \u00ab\u00a0 le manoir de Kergu\u00e9l\u00e9nen avec ses moulins, bois et colombier, un vieil emplacement d\u2019\u00e9tage au levant du manoir appel\u00e9 Saint Connec, la m\u00e9tairie de Penkaer, les villages de Ty an cah\u00e9rec et de Goelet an Kaer, enfin deux t\u00e8nements, l\u2019un \u00e0 Keroueret, l\u2019autre habit\u00e9 par Herv\u00e9 le Griffon, au bourg paroissial.\u00a0\u00bb<\/p>\r\n<p style=\"text-align: justify;\">La seigneurie de Kergu\u00e9l\u00e9nen avait haute justice et patibulaire sur la montagne situ\u00e9e au nord de Goelet an Kaer<a href=\"#19\">(19)<\/a>.<\/p>\r\n<p style=\"text-align: justify;\">Jehan de Kergu\u00e9l\u00e9nen, d\u00e9c\u00e9d\u00e9 en 1483, avait eu de B\u00e9atrice du Hirgars deux fils dont de cadet fut chanoine de Quimper (1489-1509). L\u2019a\u00een\u00e9, Jehan de Kergu\u00e9l\u00e9nen, mari\u00e9 en 1474 \u00e0 Marie Tuonmelin, fille d\u2019alain Tuonmelin, sgr de Botpodern, mourut en 1497, laissant plusieurs enfants.<\/p>\r\n<p style=\"text-align: justify;\">Alain de Kergu\u00e9l\u00e9nen qui lui succ\u00e9da, v\u00e9cut jusqu\u2019en 1547. C\u2019est \u00e0 lui que le vicomte de Rohan, voyant les Anglais et les Espagnols menacer les c\u00f4tes de Cornouaille, avait donn\u00e9 mission, en 1543, d\u2019avoir l\u2019\u0153il sur les navires destin\u00e9s \u00e0 la course \u00e0 Douarnenez et dans les h\u00e2vres voisins et de ne les autoriser \u00e0 se mettre en mer que s\u2019ils \u00e9taient convenablement arm\u00e9s<a href=\"#20\">(20)<\/a>.<\/p>\r\n<p style=\"text-align: justify;\">Alain de Kergu\u00e9l\u00e9nen avait \u00e9t\u00e9 mari\u00e9 deux fois. De sa premi\u00e8re union (1503) avec Marie Liziard de Trohanet \u00e9taient n\u00e9es deux filles dont l\u2019a\u00een\u00e9e, Jehanne, \u00e9pousa vers 1521, Jehan de Penguilly<a href=\"#21\">(21)<\/a>. Sa seconde femme, Fran\u00e7oise de Kerouant, lui donna cinq filles et deux fils, Rolland et Jean.<\/p>\r\n<p style=\"text-align: justify;\">L\u2019a\u00een\u00e9, Rolland de Kergu\u00e9l\u00e9nen, ne surv\u00e9cut \u00e0 son p\u00e8re qu\u2019une dizaine d\u2019ann\u00e9es. Il laissa de son mariage avec Jacquette de Coetanscours un fils nomm\u00e9 Jehan que devait s\u2019\u00e9teindre sans alliance, \u00e0 la fin de l\u2019ann\u00e9e 1561 et dont la succession donna lieu \u00e0 un proc\u00e8s. Le fr\u00e8re cadet de Rolland, Jean de Kergu\u00e9l\u00e9nen, \u00e9tait pr\u00eatre et chanoine. Apr\u00e8s avoir embrass\u00e9 le protestantisme, il se maria \u00e0 Marie de Kerasquer, veuve d\u2019Alain du Fou, seigneur de Logan et en eut une fille nomm\u00e9e Marie. En mourant, il confi\u00e2t la tutelle de sa fille \u00e0 Claude de N\u00e9vet qui voulut revendiquer pour sa pupille l\u2019h\u00e9ritage du dernier Kergu\u00e9l\u00e9nen auquel pr\u00e9tendaient \u00e9galement les seigneurs de Penguilly comme repr\u00e9sentant leur m\u00e8re, Jehanne de Kergu\u00e9l\u00e9nen, s\u0153ur a\u00een\u00e9e de l\u2019ex-chanoine. Un proc\u00e8s s\u2019en suivit \u00abmais la Cour du parlement, toujours \u00e9quitable en ses jugements, n\u2019autorisa pas le mariage de ce libertin et, d\u00e9clarant sa fille ill\u00e9gitime, adjugea la succession au seigneur de Penguilly<a href=\"#22\">(22)<\/a>.\u00a0\u00bb<\/p>\r\n<p style=\"text-align: justify;\">Le chef de cette maison, Henry de Penguilly, \u00e9tant mort en 1558 sans post\u00e9rit\u00e9, sa s\u0153ur Marie de Penguilly, femme de Jean de Kersaudy, avait succ\u00e9d\u00e9 \u00e0 ses vastes possessions.<\/p>\r\n<p style=\"text-align: justify;\">D\u00e9c\u00e9d\u00e9e elle-m\u00eame quelques ann\u00e9es pr\u00e8s, la dame de Kersaudy transmit les terres de Kergu\u00e9l\u00e9nen, Penguilly et Trohanet \u00e0 son fils a\u00een\u00e9, Alain de Kersaudy, qui mourut sans laisser d\u2019enfant de son mariage avec Fran\u00e7oise de Ploeuc et auquel succ\u00e9da son fr\u00e8re pu\u00een\u00e9, Pierre de Kersaudy.<\/p>\r\n<p style=\"text-align: justify;\">Alain de Kersaudy avait pris part au si\u00e8ge du ch\u00e2teau de Pont-l\u2019Abb\u00e9 que les ligueurs enlev\u00e8rent aux huguenots en 1590. Le chanoine Moreau qui nous a laiss\u00e9 le r\u00e9cit de ce si\u00e8ge, mentionne \u00e9galement dans ses M\u00e9moires<a href=\"#23\">(23)<\/a> un autre \u00e9pisode des guerres de la ligue survenu quelques ann\u00e9es plus tard, non loin de Kergu\u00e9l\u00e9nen.<\/p>\r\n<p style=\"text-align: justify;\">En 1596, le capitaine le Clou, avec un d\u00e9tachement de la garnison de Quimper, s\u2019\u00e9tait retir\u00e9 au manoir de Kergu\u00e9l\u00e9nen, sous pr\u00e9texte de surveiller la Fontenelle\u00a0; mais le bruit courait qu\u2019il avait avec ce dernier de fr\u00e9quentes entrevues. Fortement soup\u00e7onn\u00e9 de trahison, le capitaine le Clou, pour se disculper, promit de s\u2019emparer de la Fontenelle\u00a0; il r\u00e9ussit en effet \u00e0 l\u2019attirer dans un guet-apens<a href=\"#24\">(24)<\/a> et l\u2019amena prisonnier \u00e0 Quimper.<\/p>\r\n<p style=\"text-align: justify;\">Pierre de Kersaudy qui \u00e9tait devenu, \u00e0 la mort de son a\u00een\u00e9, seigneur de Kergu\u00e9l\u00e9nen, \u00e9pousa Anne de Ploeuc du Tymeur ni\u00e8ce de sa belle-s\u0153ur Fran\u00e7oise de Ploeuc. Il mourut en 1621 apr\u00e8s avoir, l\u2019ann\u00e9e pr\u00e9c\u00e9dente, mari\u00e9 sa fille unique, Mauricette de Kersaudy, \u00e0 Christophe Fouquet, seigneur de Chalain.<\/p>\r\n<p style=\"text-align: center;\">~ ~<\/p>\r\n<p style=\"text-align: center;\">~<\/p>\r\n<p style=\"text-align: justify;\">La terre de Kergu\u00e9l\u00e9nen, sortie depuis quelques ann\u00e9es de la maison de Chalain, fut revendue, vers 1643, par \u00e9cuyer Jean du Mur \u00e0 Yves de Qu\u00e9len, sieur de la Crecholain, conseiller du roi en la s\u00e9n\u00e9chauss\u00e9e de Concarneau et \u00e0 Marie de Jegado, son \u00e9pouse. Gu\u00e9nol\u00e9 de Qu\u00e9len, fils des acqu\u00e9reurs, leur ayant succ\u00e9d\u00e9 en 1659, fit reb\u00e2tir le manoir dont il ne reste que l\u2019aile occidentale sur laquelle on voit les armes accol\u00e9es de Qu\u00e9len et des Kerloaguen. Apr\u00e8s son d\u00e9c\u00e8s arriv\u00e9 en 1679, sa veuve Roberte de Kerloaguen, fournit aveu \u00e0 la seigneurie de Coetmorvan pour le ch\u00e2teau de Kergu\u00e9l\u00e9nen, son grand corps de logis et ses \u00e9curies, la long\u00e8re \u00e0 l\u2019occident de la cour et le deux pavillons au midi, le jardin cern\u00e9 de hauts murs, le colombier, les bois taillis et de haute futaie et pour plusieurs domaines relevant du m\u00eame fief<a href=\"#25\">(25)<\/a>. Cet aveu ne fait pas mention de la chapelle d\u00e9di\u00e9e \u00e0 saint Christophe, qui ne devait pas encore \u00eatre reb\u00e2tie.<\/p>\r\n<p style=\"text-align: justify;\">Le fils a\u00een\u00e9 de Gu\u00e9nol\u00e9, Vincent-Louis de Qu\u00e9len, d\u00e9c\u00e9d\u00e9 sans post\u00e9rit\u00e9 en 1715, eut pour h\u00e9ritier son fr\u00e8re pu\u00een\u00e9 Alain-Maurice de Qu\u00e9len, officier d\u2019infanterie. Mari\u00e9 d\u2019abord \u00e0 Louise-Catherine de Kersulguen(1715), et en secondes noces \u00e0 Vincente-Ren\u00e9e de Kervenozael (1734), Alain-Maurice de Qu\u00e9len mourut en 1739, sans laisser d\u2019enfant. Sa succession fut recueillie collat\u00e9ralement par Olivier-Robert du Cou\u00ebdic, sieur de Kergoualer, dont l\u2019a\u00efeule paternelle \u00e9tait la s\u0153ur de\u00a0Gu\u00e9nol\u00e9 de Qu\u00e9len.<\/p>\r\n<p style=\"text-align: justify;\">Du mariage d\u2019Olivier-Robert du Cou\u00ebdic avec Marguerite Ansquer naquit \u00e0 Kergu\u00e9lenen, le 17 juin 1740, Charles-Louis du Cou\u00ebdic qui devait s\u2019immortaliser comme commandant de la Surveillante par la victoire qu\u2019il remporta, apr\u00e8s quatorze heures de combat, sur la fr\u00e9gate anglaise le Qu\u00e9bec. Du Cou\u00ebdic, bless\u00e9 \u00e0 mort, fut ramen\u00e9 \u00e0 Brest o\u00f9 il succomba trois mois plus tard(1780).<\/p>\r\n<p style=\"text-align: justify;\">Dans les derni\u00e8res ann\u00e9es du XVIII\u00e8me si\u00e8cle, le manoir de Kergu\u00e9lenen devint la propri\u00e9t\u00e9 de Mr Calloc\u2019h de Kerilis qui fut sous l\u2019Empire maire de Quimper et dont le fils, Aim\u00e9 de Kerilis, \u00e9pousa en 1807 la fille du baron de Miollis, pr\u00e9fet du Finist\u00e8re.<\/p>\r\n<p style=\"text-align: justify;\">Des quatre fils issus de cette union<a href=\"#26\">(26)<\/a>, ce fut le plus jeune, F\u00e9lix de Kerilis, qui eut en partage Kergu\u00e9lenen o\u00f9 il est d\u00e9c\u00e9d\u00e9 en 1905.<\/p>\r\n<a name=\"19\"><\/a>(19) Kergu\u00e9l\u00e9nen tenait en Pouldergat, sous le proche fief du Duc, une partie du bourg ainsi que plusieurs convenants.<br\/>\r\n<a name=\"20\"><\/a>(20) D.Morice, T. III, Preuves, col. 1049.<br\/>\r\n<a name=\"21\"><\/a>(21) De ce mariage\u00a0: Henry mari\u00e9 \u00e0 Claude de Tyvarlen et mort sans enfants\u00a0; Jehanne, femme de Raoul de Tr\u00e9millec dont le fils unique mourut jeune\u00a0; et Marie qui \u00e9pousa Jehan de Kersaudy.<br\/>\r\n<a name=\"22\"><\/a>(22) Archives du Finist\u00e8re, E 837, g\u00e9n\u00e9alogie ms. de la maison de Kergu\u00e9l\u00e9nen par Autret de Missirien.<br\/>\r\n<a name=\"23\"><\/a>(23) Edition de 1857, p 63 et suiv., p. 336 et suiv.<br\/>\r\n<a name=\"24\"><\/a>(24) Suivant la tradition, c\u2019est aupr\u00e8s de Botcarn, sur la voie reliant ce camp \u00e0 Pouldavid, que le bandit aurait \u00e9t\u00e9 captur\u00e9.<br\/>\r\n<a name=\"25\"><\/a>(25) Entre autres, le convenant de Ruberdiry au bourg, qui chaque ann\u00e9e, devait au receveur de Coetmorvan un repas compos\u00e9 de \u00ab\u00a0chair sal\u00e9e, un chapon, une piecze de mouton, pain de froment pour deux hommes et d\u2019une quarte de vin.\u00a0\u00bb<br\/>\r\n<a name=\"26\"><\/a>(26) L\u2019un d\u2019eux, Alfred de Kerilis, auteur du roman historique La Fontenelle ou le dernier Ligueur, mourut avant 1840.\t\t\t\t\t\t <\/div>\r\n\t\t\t\t\t\t\t\t\t\t\t\t <div role=\"tabpanel\" class=\"tab-pane \" id=\"tabs_desc_194_3\">\r\n\t\t\t\t\t\t\t\t<p style=\"text-align: justify;\">L\u2019histoire du Questel se confond avec celle du Guilly, ces deux manoirs ayant \u00e9t\u00e9, pendant plusieurs si\u00e8cles, r\u00e9unis dans les m\u00eames mains.<\/p>\r\n<p style=\"text-align: justify;\">Le Questel, au XVI\u00e8me si\u00e8cle, fut habit\u00e9 par Jehan Agn\u00e8s du Guilly qui enrendit aveu \u00e0 la seigneurie de Lespervez (1540), puis par son fils, Henry du Guilly, auquel succ\u00e9da Fran\u00e7oise du Guilly, dame du Haffont. Louise du Haffont, qui y r\u00e9sida apr\u00e8s sa m\u00e8re, avait \u00e9pous\u00e9 Nicolas de Charmoy dont elle n\u2019eut pas d\u2019enfants. Elle mourut en 1661 et\u00a0 ses h\u00e9ritiers collat\u00e9raux de l\u2019estoc maternel, appel\u00e9s au nombre de dix-huit \u00e0 recueillir sa succession, ne purent conserver le Questel.<\/p>\r\n<p style=\"text-align: justify;\">Messire Ren\u00e9 de Ploeuc, acqu\u00e9reur de ce manoir, ne tarda pas \u00e0 le revendre. Par contrat d\u2019\u00e9change du 30 octobre 1662, il c\u00e9da et transporta \u00e0 \u00e9cuyer Jean Rolland, sieur des Nos<a href=\"#27\">(27)<\/a>, notaire demeurant \u00e0 Kernilis en Landudec, le manoir du Questel avec son moulin \u00e0 eau, ses pr\u00e9\u00e9minences \u00e0 Pouldergat, dans la chapelle saint-Jean et les convenants Marec et Maillot au village du Guilly.<\/p>\r\n<p style=\"text-align: justify;\">Jean Rolland qui mourut en 1686, avait eu de son mariage avec Marie Guillaume quatre fils dont le second, Nicolas Rolland, devint recteur de Landudec, et deux filles<a href=\"#28\">(28)<\/a>. L\u2019a\u00een\u00e9e, Isabelle, qui avait \u00e9pous\u00e9 en 1678 Hi\u00e9rosme Brochereul (de Concarneau), re\u00e7ut en partage le manoir du Questel.<\/p>\r\n<p style=\"text-align: justify;\">Isabelle Rolland qui v\u00e9cut jusqu\u2019en 1745, ne laissa qu\u2019un fils, Jean-Louis Brochereul, sieur de Penanprat, qui \u00e9tait capitaine des milices garde-c\u00f4tes de la paroisse de Mahalon. A la mort de ce dernier en 1752, son fils Jean-Marie Brochereul, avocat, h\u00e9rita du Questel.<\/p>\r\n<a name=\"27\"><\/a>(27)\u00a0Les Rolland avaient poss\u00e9d\u00e9 le manoir du Tertre des Nos en Planguenoual (Ev. de St Brieuc) et se disaient issus de Roland des Nos, crois\u00e9 en 1248. Il furent d\u00e9bout\u00e9s \u00e0 la R\u00e9f. de 1669.<br\/>\r\n<a name=\"28\"><\/a>(28) La cadette, Anne Rolland, eut en partage les domaines du Guilly. Elle \u00e9pousa, en 1687, Fran\u00e7ois le B\u00e9urier, sieur de Tr\u00e9ganou (de Plogastel), dont Louise le B\u00e9urier mari\u00e9e (1717) \u00e0 \u00e9cuyer Luc-Corentin de Kerguern ( de Tr\u00e9gourez) d\u00e9c\u00e9d\u00e9 en 1733. L\u2019a\u00een\u00e9 des quatre filles issues de ce mariage, Anne-Louise de Kerguern, \u00e9pousa (1744) Pierre Furic de Penguilly. (Arch. du greffe du trib. Civil de Quimper)\t\t\t\t\t\t <\/div>\r\n\t\t\t\t\t\t\t\t\t\t\t\t <div role=\"tabpanel\" class=\"tab-pane \" id=\"tabs_desc_194_4\">\r\n\t\t\t\t\t\t\t\t<p style=\"text-align: justify;\">La r\u00e9formation de 1427 mentionne au Guilly deux domaines dont les m\u00e9tayers \u00e9taient exempts de fouages. L\u2019un d\u2019eux appartenait \u00e0 Jehanne de Lespervez, veuve de Guillaume de Rosmadec\u00a0; l\u2019autre \u00e0 Jehan Agn\u00e8s, de Cl\u00e9mentec en Ploar\u00e9, dont le p\u00e8re, Jehan Agn\u00e8s, avait figur\u00e9 comme \u00e9cuyer, en 1379, dans la montre d\u2019Herv\u00e9 de Lezongar.<\/p>\r\n<p style=\"text-align: justify;\">Henry Agn\u00e8s \u00e9tant d\u00e9c\u00e9d\u00e9 au Guilly en 1506, son fils Jehan rendit aveu l\u2019ann\u00e9e suivante \u00e0 la seigneurie de Coetmorvan pour ce manoir et son moulin qu\u2019il tenait par mains, ainsi que pour trois t\u00e8nements que cultivaient au Guilly Jehan le Marhec, Yvon le B\u00e9guec et Alain Kerminihy. Ce Jehan Agn\u00e8s qui poss\u00e9dait \u00e9galement le Questel et le manoir de Toulgoet en Penhars, abandonna le nom d\u2019Agn\u00e8s pour prendre celui du Guilly qu\u2019ont port\u00e9 ses descendants. Il mourut vers 1554, laissant deux fils dont le cadet, Jehan du Guilly, \u00e9tait recteur de Meylar en 1561.<\/p>\r\n<p style=\"text-align: justify;\">L\u2019a\u00een\u00e9, Henry du Guilly, d\u00e9c\u00e9d\u00e9 en 1563, fut p\u00e8re de Fran\u00e7ois du Guilly, seigneur de Toulgoet, qui habitait en 1574 le manoir du Guilly et auquel avait succ\u00e9d\u00e9 en 1580 Fran\u00e7oise du Guilly, dame du Haffont de Lestimbech.<\/p>\r\n<p style=\"text-align: justify;\">Fran\u00e7oise du Guilly dont la m\u00e8re devait appartenir \u00e0 une famille de cultivateurs ou de commer\u00e7ants du pays<a href=\"#29\">(29)<\/a>, vivait encore en 1612. Aucun de ses enfants de laissa de descendance. Sa fille, Louise du Haffont, femme de Nicolas de Charmoy, qui avait h\u00e9rit\u00e9, en 1622, de son fr\u00e8re Guillaume du Haffont, vendit quelques ann\u00e9es apr\u00e8s le manoir et une partie de la terre du Guilly. Ce manoir appartenait, en 1643, \u00e0 Ma\u00eetre Nicolas Delisle qui r\u00e9sidait alors \u00e0 Tr\u00e9otat et qui fut pourvu en 1659 de l\u2019office de procureur fiscal de Kerharo.<\/p>\r\n<p style=\"text-align: justify;\">Ma\u00eetre Delisle eut pour successeur, vers 1684, son fils nomm\u00e9 aussi Nicolas, qui de son mariage avec Fran\u00e7oise Josse ne laissa que deux filles.<\/p>\r\n\r\n<a name=\"29\">(29)<\/a>  En 1661, les F\u00e9rec, Guillou, Gannat et autres repr\u00e9sentants de cette famille, se partag\u00e8rent la succession de Louise du Haffont dont ils \u00e9taient les plus proches h\u00e9ritiers.\t\t\t\t\t\t <\/div>\r\n\t\t\t\t\t\t\t\t\t\t\t\t <div role=\"tabpanel\" class=\"tab-pane \" id=\"tabs_desc_194_5\">\r\n\t\t\t\t\t\t\t\t<p style=\"text-align: justify;\">En 1460 mourut Jehan de Tr\u00e9mibrit. Le minu pour l\u2019\u00e9ligement du rachat acquis par son d\u00e9c\u00e8s fut fourni, la m\u00eame ann\u00e9e, par Pezronnelle du Rible, sa veuve, et par Herv\u00e9 du Kernech, garde et curateur de ses enfants<a href=\"#30\">(30)<\/a>.<\/p>\r\n<p style=\"text-align: justify;\">L\u2019a\u00een\u00e9 de ces enfants, Jehan de Tr\u00e9mibrit<a href=\"#31\">(31)<\/a>, \u00e9tait notaire en 1475 et comparut \u00e0 la montre de Carhaix en 1481. D\u00e9c\u00e9d\u00e9 sans post\u00e9rit\u00e9 vers 1500, il laissa pour unique h\u00e9riti\u00e8re sa s\u0153ur Marie Tr\u00e9mibrit qui vivait encore en 1541.<\/p>\r\n<p style=\"text-align: justify;\">Au XVII\u00e8me si\u00e8cle, on trouve la terre de Tr\u00e9m\u00e9brit r\u00e9unie \u00e0 celle de Kergu\u00e9lenen. En outre du manoir avec m\u00e9tairie, moulin et bois taillis, cette terre comprenait le convenant Kerdr\u00e9o (anciennement Kerdrein) et deux tenues \u00e0 Kerilis-Pouldergat. Le manoir, d\u00e9truit pendant la Ligue, n\u2019avait \u00e9t\u00e9 qu\u2019en partie r\u00e9\u00e9difi\u00e9. D\u2019apr\u00e8s l\u2019aveu rendu au roi en 1680, \u00e0 l\u2019ouest de la maison qui avait 24 pieds de longueur sur 20 de hauteur, existaient encore les ruines d\u2019un ancien corps-de-logis long \u00e9galement de 24 pieds.<\/p>\r\n<p style=\"text-align: justify;\">Dans l\u2019\u00e9glise paroissiale, suivant le m\u00eame aveu<a href=\"#32\">(32)<\/a>, le blason de Tr\u00e9mibrit, d\u2019argent \u00e0 l\u2019aigle imp\u00e9riale de sable becqu\u00e9e et membr\u00e9e d\u2019or, occupait un des soufflets du tympan de la ma\u00eetresse-vitre. Ces armes \u00e9taient reproduites dans les panneaux inf\u00e9rieurs en alliance avec celles de Lezongar, de Pencoet, de Kernech et du Rible.<\/p>\r\n<p style=\"text-align: justify;\">La maison du Rible (en Plomodiern), dont les armes antiques \u00e9taient d\u2019argent au chevron de gueules, portait alors pal\u00e9 d\u2019argent et d\u2019azur de six pi\u00e8ces charg\u00e9es d\u2019une cotice de gueules, l\u2019h\u00e9riti\u00e8re de cette maison ayant \u00e9pous\u00e9, au XIV\u00e8me, Pierre juveigneur de Rosmadec qui prit pour lui et ses descendants le nom du Rible, tout en retenant les armes de Rosmadec.<\/p>\r\n<p style=\"text-align: justify;\">Chaque ann\u00e9e, le jour de la f\u00eate de saint Etienne, le seigneur de Tr\u00e9mibrit avait cout\u00fbme de faire jeter une soule en bois fournie pour le dernier mari\u00e9 de l\u2019ann\u00e9e. Ce vieil usage qui \u00e9tait tomb\u00e9 en d\u00e9su\u00e9tude pendant la Ligue, fut r\u00e9tablie en 1724 par Alain-Maurice de Qu\u00e9len.<\/p>\r\n\r\n<a name=\"30\">(30)<\/a> Compte de Gauvain de Qoettanezre, receveur du domaine \u00e0 Quimper (Arch. du Finist\u00e8re, A 39).<br\/>\r\n<a name=\"31\">(31)<\/a> ao\u00fbt 1477 (AD 29 1 E 227): Jehan de Tremibrit et Cl\u00e9mence de Lesongar, sa femme, proc\u00e8dent \u00e0 un aff\u00e9agement \u00e0 Stangyen en Gourlizon, alors tr\u00e8ve de Ploar\u00e9; l'acte est sign\u00e9 et scell\u00e9 \"en la maison Alain du Bourch en la paroisse de Ploedergat le 9 juin 1477\"<br\/>\r\n<a name=\"32\">(32)<\/a> Arch. Nationales, P 1693, T.VIII, f\u00b0 147\t\t\t\t\t\t <\/div>\r\n\t\t\t\t\t\t\t\t\t\t\t\t <div role=\"tabpanel\" class=\"tab-pane \" id=\"tabs_desc_194_6\">\r\n\t\t\t\t\t\t\t\t<p style=\"text-align: justify;\">Le manoir de Kerguern \u00e9tait, en 1535, aux mains de Claude du Juch, fille mineure et h\u00e9riti\u00e8re de Raoul du Juch, qui le porta en mariage \u00e0 Rolland de Lezongar, seigneur de Pratanras. Devenue veuve en 1556, Claude du Juch vendit peu apr\u00e8s ce manoir \u00e0 Jehan Perrault, \u00e9poux d\u2019Adelice Certain, qui comparut comme seigneur de Kerguern \u00e0 la montre de 1562 et auquel succ\u00e9da son fils Jehan Perrault. Ce dernier \u00e9tait conseiller au si\u00e8ge pr\u00e9sidial de Quimper lorsqu\u2019il mourut en 1593.<\/p>\r\n<p style=\"text-align: justify;\">Alain Perrault, fils du pr\u00e9c\u00e9dent et Jeanne Bougeant, son \u00e9pouse, acquirent en 1636 le manoir de Lesalguen en Beuzec. Ils mari\u00e8rent leur fille, H\u00e9l\u00e8ne Perrault, \u00e0 Alain Toulguengat, sieur de Treffry. Leur fils, Ren\u00e9 Perrault, \u00e9tait en 1655, s\u00e9n\u00e9chal de la juridiction de Kerharo qui s\u2019exer\u00e7ait alors \u00e0 Pouldavid. Il avait \u00e9pous\u00e9, en 1640, Fran\u00e7oise du Boisgu\u00e9hennec du Minven qui lui donna quatre enfants<a href=\"#33\">(33)<\/a>.<\/p>\r\n<p style=\"text-align: justify;\">L\u2019a\u00een\u00e9 de ses fils, Hi\u00e9rosme Perrault, avocat \u00e0 la Cour, fut pourvu, en 1671, de l\u2019office de s\u00e9n\u00e9chal de Kerharo qu\u2019il conserva jusqu\u2019en 1725. Il rendit aveu au roi en 1683 pour le manoir et la terre de Kervern qui comprenait bois, jardin, colombier, moulin et plusieurs convenants ainsi que pour les pr\u00e9\u00e9minences que poss\u00e9dait ce manoir. De Kervern d\u00e9pendaient deux tombes basses et un escabeau armori\u00e9 dans la chapelle des saints Cosme et Damien \u00e0 Pouldergat et en outre cinq tombes dans le ch\u0153ur de la chapelle saint Jacques \u00e0 Pouldavid (Arch. Nat. P 1693, T. VIII, f\u00b0 177).<\/p>\r\n<p style=\"text-align: justify;\">Hierosme Perrault eut de son mariage avec Marguerite Huchet plusieurs enfants, au nombre desquels Philippe Perrault qui fut nomm\u00e9, en 1714, cur\u00e9 de Locronan o\u00f9 il d\u00e9c\u00e9da en 1747, \u00e2g\u00e9 de soixante ans. Une de ses filles, Anne-Marguerite Perrault, mari\u00e9e en 1710 \u00e0 Charles Ren\u00e9 de Kerret qui mourut sans enfants, \u00e9pousa en secondes noces (1717) Guillaume le Traon Poulguen.<\/p>\r\n<p style=\"text-align: justify;\">Par contrat du 22 juillet 1757, Joseph Perrault de Kervern, Catherine, P\u00e9lagie et Marie le Traon vendirent la terre de Kervern \u00e0 Jean-Hippolyte de Mauduit et \u00e0 sa femme, Marie-Fran\u00e7oise le Flo de Branho. Cette terre, saisie pendant la R\u00e9volution et vendue comme bien national, eut pour acqu\u00e9reur le citoyen Chappuis, l\u2019un des administrateurs du D\u00e9partement en 1793. Devenu ensuite la propri\u00e9t\u00e9 de la famille Belb\u00e9oc\u2019h, Kervern a \u00e9t\u00e9 transform\u00e9 en ferme mod\u00e8le par Mr Charles Belb\u00e9oc\u2019h, agronome distingu\u00e9, qui emporta la prime d\u2019honneur au concours r\u00e9gional en 1868.<\/p>\r\n<a name=\"33\">(33)<\/a>  Fran\u00e7oise du Boisgu\u00e9hennec, n\u00e9e en 1626 du mariage de Jean, Sgr du Minven, avec Jeanne de Kerloaguen, mourut en 1674 et fut inhum\u00e9e dans l\u2019\u00e9glise de Pouldavid. Elle eut pour enfant\u00a0: Fran\u00e7oise Perrault, morte sans alliance, Hi\u00e9rosme, Charles qui d\u00e9c\u00e9da en 1700, laissant de Anne Soubly un fils et deux filles, et Fran\u00e7ois qui devint recteur de Tr\u00e9ogat (1680-1695).\t\t\t\t\t\t <\/div>\r\n\t\t\t\t\t\t\t\t\t\t\t\t <div role=\"tabpanel\" class=\"tab-pane \" id=\"tabs_desc_194_7\">\r\n\t\t\t\t\t\t\t\t<p style=\"text-align: justify;\">Le manoir de Cloazrec \u00e9tait le gage de la sergenterie f\u00e9od\u00e9e de Pouldergat. On y trouve \u00e9tablie, \u00e0 la fin du XIV\u00e8me si\u00e8cle, la famille de Kernech qui blasonnait d\u2019or \u00e0 la croix de gueules charg\u00e9e de cinq merlettes d\u2019argent<a href=\"#34\">(34)<\/a>. En 1411, Gourmelon de Kernerch, \u00e2g\u00e9 de 51 ans, fut entendu comme t\u00e9moin dans l\u2019enqu\u00eate sur les droits du vicomte de L\u00e9on en Cornouaille.<\/p>\r\n<p style=\"text-align: justify;\">Herv\u00e9 de Kernech qui lui succ\u00e9da, est cit\u00e9 dans la r\u00e9formation des fouages de 1427 comme possesseur du village de Kerguesten. Ce fut lui ou son fils portant le m\u00eame nom qui, aux plaids g\u00e9n\u00e9raux de Quimper en 1464, produisit au soutien des droits de sergentise appartenant \u00e0 sa famille. D\u00e9c\u00e9d\u00e9 en 1480, il eut pour successeur son neuveu Henry de Kernech qui \u00e9tait notaire et qui fut repr\u00e9sent\u00e9 \u00e0 la montre de 1481 par son fils Herv\u00e9, archer en brigandine.<\/p>\r\n<p style=\"text-align: justify;\">Cet Herv\u00e9 de Kernech, \u00e0 la mort de son p\u00e8re (1497), h\u00e9rita, entre autres biens, du domaine de Cornancoet tenu par Jehan et Herv\u00e9 le Bescond. Il eut pour enfants Jehan de Kernech et une fille nomm\u00e9e Elienor<a href=\"#35\">(35)<\/a>.<\/p>\r\n<p style=\"text-align: justify;\">Jehan de Kernech \u00e9tant d\u00e9c\u00e9d\u00e9 en 1520, Catherine Boys, sa veuve, en qualit\u00e9 de tutrice de leur fils Henry, rendit aveu au seigneur de Coetmorvan pour le lieu de Cleguer que tenaient \u00e0 convenant Jehan et Henry Larour ainsi que pour le village et le moulin de Kerleguer exploit\u00e9s par Jehan et Charles Le Bourhys. Henry de Kernech fournit aveu en 1544 pour les m\u00eames domaines. Il \u00e9tait mari\u00e9 \u00e0 Catherine de Penguilly, fille de Henry de Penguilly, sieur de Kerbalanec. Avec lui para\u00eet s\u2019\u00eatre \u00e9teinte la filiation masculine de cette famille.<\/p>\r\n<p style=\"text-align: justify;\">Le chanoine Moreau rapporte dans ses M\u00e9moires qu\u2019en 1595 la Fontennelle, pour construire sa forteresse de l\u2019\u00eele Tristan, fit d\u00e9molir une grande partie des maisons de Douarnenez<a href=\"#36\">(36)<\/a> ainsi que la plupart des manoirs situ\u00e9s \u00e0 proximit\u00e9 de la ville. C\u2019est vraisemblablement \u00e0 cette \u00e9poque que fut d\u00e9truite la vieille demeure des Kernech.<\/p>\r\n<p style=\"text-align: justify;\">Le Cloarec appartenait alors \u00e0 l\u2019h\u00e9riti\u00e8re des Tr\u00e9millec qui devait \u00e9pouser peu apr\u00e8s Jean de J\u00e9gado, seigneur de Kerollain, il fut donn\u00e9, au si\u00e8cle suivant, par Pierre de J\u00e9gado \u00e0 l\u2019abbaye de Kerlot. En 1682, ce manoir \u00e9tait lou\u00e9 \u00e0 Jacques Lescop qui payait \u00e0 l\u2019abbaye un fermage de 150 livres. Il ne restait de ses anciens batiments qu\u2019une chapelle et un colombier d\u00e9labr\u00e9s, lorsqu\u2019en 1690 les Cisterciennes de N-D de Kerlot le vendirent \u00e0 Jean de Kergariou, sieur de Kerampap, moyennant 126 livres de rente.<\/p>\r\n<a name=\"34\">(34)<\/a> Elle avait pour berceau la maison de Kernech en Guyler-Mazalon qu\u2019elle poss\u00e9dait encore en 1546<br\/>\r\n<a name=\"35\">(35)<\/a> Elienor du Kernech, mari\u00e9e \u00e0 Jehan Gauvaign, re\u00e7ut  trente soulz de rente sur Kerl\u00e9guer pour partie de ses droits comme fille de la maison de Cloazrec.<br\/>\r\n<a name=\"36\">(36)<\/a> Le quartier du port fut sans doute \u00e9pargn\u00e9e : il y a peu d\u2019ann\u00e9es, il renfermait encore de vieilles b\u00e2tisses pouvant remonter \u00e0 cette \u00e9poque. On voyait aussi, rue Boudoulec, une maison dat\u00e9e de 1584.\t\t\t\t\t\t <\/div>\r\n\t\t\t\t\t\t\t\t\t\t\t\t <div role=\"tabpanel\" class=\"tab-pane \" id=\"tabs_desc_194_8\">\r\n\t\t\t\t\t\t\t\t<p style=\"text-align: justify;\">Alain Sotonec qui poss\u00e9dait ce manoir en 1411, fut entendu comme t\u00e9moin dans l\u2019enqu\u00eate relative aux droits qu\u2019avait en Conouaille le vicomte de L\u00e9on..<\/p>\r\n<p style=\"text-align: justify;\">En 1539, Jacques Kerdrein, \u00e9cuyer, qui habitait Crauzon, rendit hommage au roi pour le manoir de Kergoff, son moulin, ses rabines et autres d\u00e9pendances.<\/p>\r\n<p style=\"text-align: justify;\">Vendu judiciellement en 1655, Kergoff fut acquis par Jean le Nobletz et Fran\u00e7oise Kernafflen, son \u00e9pouse, qui fournirent aveu en 1678. L\u2019ancien manoir existait encore \u00e0 cette \u00e9poque, pr\u00e9c\u00e9d\u00e9 d\u2019une cour dont les deux portes ouvraient l\u2019une au midi et l\u2019autre \u00e0 l\u2019ouest.<\/p>\t\t\t\t\t\t <\/div>\r\n\t\t\t\t\t\t\t\t\t\t\t\t <div role=\"tabpanel\" class=\"tab-pane \" id=\"tabs_desc_194_9\">\r\n\t\t\t\t\t\t\t\t<p style=\"text-align: justify;\">Ce manoir qui relevait de Lespervez, appartenait en 1427 \u00e0 Herv\u00e9 Penco\u00ebt.<\/p>\r\n<p style=\"text-align: justify;\">Jehan Penco\u00ebt qui en \u00e9tait possesseur en 1512, le transmit \u00e0 sa fille ou petite fille Eliette Penco\u00ebt, femme de Pierre Geffroy. En 1570, Keranpap \u00e9tait habit\u00e9 par les \u00e9poux Geffroy auxquels succ\u00e9da leur fille a\u00een\u00e9e Louise Geffroy, dame de Linlouet.<\/p>\r\n<p style=\"text-align: justify;\">Au si\u00e8cle suivant, ce manoir \u00e9tait devenu la propri\u00e9t\u00e9 de Fran\u00e7oise Goulhezre qui y r\u00e9sidait en 1621, avec son mari Jean le Torcol, \u00e9cuyer.<\/p>\r\n<p style=\"text-align: justify;\">Il est probable que, quelques ann\u00e9es plus tard, keranpap passa par acqu\u00eat aux Madien du Moguermeur\u00a0; on le trouve, en 1669, aux mains d\u2019\u00e9cuyer Jean de Kergariou, sieur des Foss\u00e9s, qui avait \u00e9pous\u00e9 Marguerite Madien dont la dot comprenait le village de Penhoet, contigu\u00a0 aux terres de Keranpap.<\/p>\r\n<p style=\"text-align: justify;\">Leur fils et successeur, Jean de Kergariou, figure comme brigadier sur le r\u00f4le de la 5<sup>\u00e8me<\/sup> compagnie du ban et de l\u2019arri\u00e8re-ban de l\u2019\u00e9v\u00each\u00e9 de Cornouaille que le mar\u00e9chal de Vauban passa en revue en 1694. De son mariage avec Ubanne Forsans naquit en 1698 Jean-Marie de Kergariou qui mourut en 1730, laissant de sa femme Marguerite-Ursule du Combout, plusieurs enfants.<\/p>\r\n<p style=\"text-align: justify;\">La maison d\u2019habitation qui a remplac\u00e9 le vieux manoir, a \u00e9t\u00e9 construit au si\u00e8cle dernier par Mr Fran\u00e7ois Gouzil, \u00e9poux de Marie-Jos\u00e8phe Brethel. Pendant plus de trente ans, Mr Gouzil administra comme maire la commune de Pouldergat o\u00f9 il avait fond\u00e9 une \u00e9cole que dirigeaient les Religieuses du Saint-Esprit.<\/p>\t\t\t\t\t\t <\/div>\r\n\t\t\t\t\t\t\t\r\n\t\t\t\t\t <\/div>\r\n\t\t\t\t\t \r\n\t\t\t\t <\/div>\r\n <script>\r\n\t\tjQuery(function () {\r\n\t\t\tjQuery('#myTab_194 a:first').tab('show')\r\n\t\t});\r\n\t\t\r\n\t\t\t\tjQuery(function(){\r\n\t\t\tvar b=\"fadeIn\";\r\n\t\t\tvar c;\r\n\t\t\tvar a;\r\n\t\t\td(jQuery(\"#myTab_194 a\"),jQuery(\"#tab-content_194\"));function d(e,f,g){\r\n\t\t\t\te.click(function(i){\r\n\t\t\t\t\ti.preventDefault();\r\n\t\t\t\t\tjQuery(this).tab(\"show\");\r\n\t\t\t\t\tvar h=jQuery(this).data(\"easein\");\r\n\t\t\t\t\tif(c){c.removeClass(a);}\r\n\t\t\t\t\tif(h){f.find(\"div.active\").addClass(\"animated \"+h);a=h;}\r\n\t\t\t\t\telse{if(g){f.find(\"div.active\").addClass(\"animated \"+g);a=g;}else{f.find(\"div.active\").addClass(\"animated \"+b);a=b;}}c=f.find(\"div.active\");\r\n\t\t\t\t});\r\n\t\t\t}\r\n\t\t});\r\n\t\t\r\n\r\n\t\tfunction do_resize(){\r\n\r\n\t\t\tvar width=jQuery( '.tab-content .tab-pane iframe' ).width();\r\n\t\t\tvar height=jQuery( '.tab-content .tab-pane iframe' ).height();\r\n\r\n\t\t\tvar toggleSize = true;\r\n\t\t\tjQuery('iframe').animate({\r\n\t\t\t    width: toggleSize ? width : 640,\r\n\t\t\t    height: toggleSize ? height : 360\r\n\t\t\t  }, 250);\r\n\r\n\t\t\t  toggleSize = !toggleSize;\r\n\t\t}\r\n\r\n\r\n\t<\/script>\r\n\t\t\t\t\r\n\t\t\t\t\t\t\t\t\t <\/div>\r\n\t\t\t\t\t\t\t\t\t\t\t\t <div role=\"tabpanel\" class=\"tab-pane \" id=\"tabs_desc_186_8\">\r\n\t\t\t\t\t\t\t\t<p style=\"text-align: justify;\">C'est \u00e0 Pouldavid, si l'on en croit la l\u00e9gende, que fut noy\u00e9 dahut, fille du roi gradlon.<\/p>\r\n<p style=\"text-align: justify;\">La mer venait d'envahir la ville d'Is. R\u00e9veill\u00e9 en sursaut Gradlon s'\u00e9lance sur un cheval, prend sa fille avec lui et, \u00e0 pointe d'\u00e9peron, se sauve de la ville.<\/p>\r\n<p style=\"text-align: justify;\">Mais les vagues d\u00e9cha\u00een\u00e9es le poursuivent et vont l'engloutir. \"Gradlon ! Crie alors une voie terrible, si tu ne veux p\u00e9rir, s\u00e9pare-toi du d\u00e9mon que tu portes en croupe !\" Le roi a reconnu la voix de Gwennol\u00e9, c'est-\u00e0-dire celle de Dieu ; il abandonne sa fille \u00e0 l'oc\u00e9an, et, content de cette proie, l'oc\u00e9an s'arr\u00eate<a href=\"#37\">(37)<\/a>.<\/p>\r\n<p style=\"text-align: justify;\">Pr\u00e8s de du lieu o\u00f9 Dahut avait trouv\u00e9 la mort, se group\u00e8rent quelques cabanes de p\u00eacheurs et se forma une bourgade connue depuis sous le nom de Pouldavid, en breton Pouldahut. Cette bourgade d\u00e9pendait originairement du domaine ducal. Un duc de Bretagne, en mariant sa fille au baron de la Roche-Bernard, lui donna Pouldavid qu'une alliance entre les maisons de la Roche-Bernard et de Nevet porta, au XIIIe, si\u00e8cle dans cette derni\u00e8re.<\/p>\r\n<p style=\"text-align: justify;\">Devenu possesseurs de Pouldavid, les seigneurs de Nevet y \u00e9tablir le si\u00e8ge de leur juridiction. Parmi les droits attach\u00e9s \u00e0 ce fief, on pourrait citer : celui d'ancrage sur les barques et navires qui mouillaient dans les rivi\u00e8res de pouldavid et de Poullan, ainsi que dans les h\u00e2vres de Porz-Ru et de Tr\u00e9boul\u00a0; le droit de lods et ventes sur les bateaux qui s\u2019y construisaient\u00a0; le droit de pr\u00e9lever sur les barques mont\u00e9es par quatre hommes le cinqui\u00e8me des poissons autres que les sardines dont la p\u00eache \u00e9tait libre. Enfin, lorsqu\u2019ils prenaient des turbots, les p\u00eacheurs \u00e9taient tenus de d\u00e9poser le plus grand au moulin de Pouldavid o\u00f9 ils recevaient une galon\u00e9e de vin et pour deux sols de pain et en outre d\u2019offrir moyennant paiement le surplus de leur p\u00eache. (Aveu de 1682, Arch. d\u00e9p. E 460<sup>bis<\/sup>)<\/p>\r\n<p style=\"text-align: justify;\">En 1502, le roi Louis XII avait accord\u00e9 par lettres-patentes \u00e0 Jehan de N\u00e9vet l\u2019auorisation d\u2019\u00e9tablir \u00e0 Pouldavid un march\u00e9 chaque vendredi et deux foires par an, le 3 et le 26 mars. Ces foires dont le nombre fut ensuite port\u00e9 \u00e0 six, attir\u00e8rent une telle affluence de cultivateur qu\u2019il devint n\u00e9cessaire d\u2019ouvrir un nouveau champ de foire sur les d\u00e9pendances du village de Kerrem<a href=\"#38\">(38)<\/a>.<\/p>\r\n<p style=\"text-align: justify;\">Avec le XVIe si\u00e8cle devait malheureusement se terminer l\u2019\u00e8re de prosep\u00e9rit\u00e9 dont jouissait depuis de longues ann\u00e9es Pouldavid, devenu un centre commercial et maritime d\u2019une certaine importance. En 1595, la Fontenelle s\u2019abattait sur cette paisible agglom\u00e9ration de p\u00eacheurs et de marchands qu\u2019il mettait \u00e0 sac et d\u00e9truisait ensuite de fond en comble. Voici en quels termes le baron de Nevet, dans un aveu rendu \u00e0 l\u2019Ev\u00eaque en 1644, relate ce d\u00e9sastre\u00a0:<\/p>\r\n<p style=\"text-align: justify;\">\u00ab\u00a0La ville de Pouldavid, d\u00e9pendance de la terre de Nevet, est c\u00f4toy\u00e9e d\u2019une rivi\u00e8re qui porte son nom, qui a flux et reflux, port et h\u00e2vre distant seulement de la mer de trois port\u00e9e de mousquet\u2026Le nomm\u00e9 Fontenelle, ennemi capital de la maison de N\u00e9vet, s\u2019\u00e9tant empar\u00e9 du fort de l\u2019Ile-Tristan, pilla toute la ville de Pouldavid, en exila les habitants et la d\u00e9molit enti\u00e8rement jusqu\u2019aux halles, moulin, prison, et patibulaires<a href=\"#39\">(39)<\/a>, et m\u00eame jusqu\u2019au quai et h\u00e2vre dont tous les mat\u00e9riaux furent emport\u00e9s audit fort\u00a0; ce qui resta le fit br\u00fbler et n\u2019y laissa que des vestiges.\u00a0\u00bb<\/p>\r\n<p style=\"text-align: justify;\">Seule, au milieu de tant de d\u00e9combres, la chapelle saint Jacques \u00e9tait encore debout. La ville de Pouldavid ne devait pas de sit\u00f4t se relever de ses ruines. Cependant, au XVIIe si\u00e8cles, les sires de N\u00e9vet reb\u00e2tirent leur moulin ainsi que le four \u00e0 ban, la prison et la halle audessus de laquelle se trouvait l\u2019auditoire. A la m\u00eame \u00e9poque furent construites plusieurs maisons d\u2019assez belle apparence, avec fa\u00e7ades et lucarnes en pierre de taille dont on peut voir un des sp\u00e9cimens sur le bord de la route qui passe au pied de l\u2019\u00e9glise.<\/p>\r\n<p style=\"text-align: justify;\">Comme la plupart des anciens h\u00e2vres de bretons, celui de Pouldavid s\u2019\u00e9tait constitu\u00e9 \u00e0 l\u2019extr\u00e8me limite que la mar\u00e9e peut atteindre. Pendant toute la dur\u00e9e du moyen-\u00e2ge jusqu\u2019\u00e0 la fin du XVe si\u00e8cle, son importance avait \u00e9t\u00e9 plus consid\u00e9rable que celle de Douarnenez<a href=\"#40\">(40)<\/a> mais depuis les ravages exerc\u00e9s dans cette r\u00e9gion par la Fontenelle, Pouldavid ne fut plus qu\u2019une annexe de celui de Douarnenez. Il ne comprend qu\u2019un terre-plein de quelques m\u00e8tres de longueur, accot\u00e9 \u00e0 la route nationale de Nantes \u00e0 Audierne, et d\u00e9fendu du c\u00f4t\u00e9 du port par un parement en ma\u00e7onnerie. Un escalier permet de descendre \u00e0 la gr\u00e8ve. Cet ouvrage est absolument insuffisant pour les besoins de la population maritime. (Annuaire du Finist\u00e8re, 1912, P. 249)<\/p>\r\n\r\n<a name=\"37\">(37)<\/a> Pitre Chevalier, La Bretagne ancienne, p. 88. S\u2019inspirant de cette l\u00e9gende, Mr de Laminais a peint le beau tableau que poss\u00e8de le mus\u00e9e de Quimper.<br\/>\r\n<a name=\"38\">(38)<\/a> Ce village figure sous le nom de Cherren dans une charte du Xie si\u00e8cle, paami les biens donn\u00e9s par Alain Canhiart au monast\u00e8re de Locmaria qui l\u2019a poss\u00e9d\u00e9 jusqu\u2019\u00e0 la R\u00e9volution. La famille Le Bars qui s\u2019est fondue dans Le Joncour, a longtemps habit\u00e9 Kerrem o\u00f9 naquit M. Gabriel Le Bars, ancien recteure de Tr\u00e9guennec, mort en 1864<br\/>\r\n<a name=\"39\">(39)<\/a> Et probablement aussi l\u2019hopital, bien que l\u2019aveu n\u2019en fasse pas mention.<br\/>\r\n<a name=\"40\">(40)<\/a> L\u2019inventaire des Arch. Dep par MM Lemoine et de la Rogerie (P.224) mentionne de nombreux chargements de sardines, de toile et de beurre exp\u00e9di\u00e9s \u00e0 Nantes (1575-1583) par Pierre Le Baud, ainsi que le transport en 1556 dans cette m\u00eame ville de 67 milliers de sardines, 50 lieus et d\u2019autres poissons par \u00ab\u00a0La Marye de Poldavy\u00a0\u00bb,command\u00e9e par Yvon Bodigou.\t\t\t\t\t\t <\/div>\r\n\t\t\t\t\t\t\t\t\t\t\t\t <div role=\"tabpanel\" class=\"tab-pane \" id=\"tabs_desc_186_9\">\r\n\t\t\t\t\t\t\t\t<p style=\"text-align: justify;\">L\u2019\u00e9glise de Pouldavid, consacr\u00e9e \u00e0 Saint-Jacques le Majeur, a \u00e9t\u00e9 \u00e9rig\u00e9e en paroisse en 1880. B\u00e2tie sur la d\u00e9clivit\u00e9 de la colline qui domine le pont, cette \u00e9glise doit appartenir au commencement du XVIe si\u00e8cle. On y entre, du c\u00f4t\u00e9 nord, par une porte de style renaissance au-dessus de laquelle on peut lire :<\/p>\r\n<p style=\"text-align: center;\">M:H::LE GVEN\r\n....LE MOAL:F<a href=\"#41\">(41)<\/a><\/p>\r\n<p style=\"text-align: justify;\">La porte principale qui s'ouvre dans le pignon occidental, est orn\u00e9 de guirlandes feuillag\u00e9es et\u00a0 surmont\u00e9e d'un \u00e9cusson fruste sur lequel devaient figurer les armes des seigneurs de Nevet, fondateur de la chapelle. De ce c\u00f4t\u00e9, on descend par six marches dans l'int\u00e9rieur qui comprend une nef et un ch\u0153ur accompagn\u00e9s de collat\u00e9raux.<\/p>\r\n<p style=\"text-align: justify;\">La nef qui compte cinq arcades au nord n'en a que quatre au midi, une des arcades de ce c\u00f4t\u00e9 et \u00e9tant bien plus large que les autres. Cette arcade correspond \u00e0 une chapelle lat\u00e9rale d\u00e9di\u00e9e \u00e0 Sainte-Madeleine, qui a conserv\u00e9 son autel en pierre flanqu\u00e9 de colonnettes \u00e0 pointe de diamant.<\/p>\r\n<p style=\"text-align: justify;\">A l\u2019angle nord-est de la nef, au-dessus d'une vieille statue gothique de Saint-Jacques, sont suspendus les fers d'un captif qui aurait \u00e9t\u00e9 d\u00e9livr\u00e9 par l'intercession du Saint. \u00c0 cet ex-voto se rattache une l\u00e9gende. Dans cette partie de l'\u00e9glise existait encore, il y a peu d'ann\u00e9es, une roue de fortune semblable \u00e0 celle de confort.<\/p>\r\n<p style=\"text-align: justify;\">Entre la nef et le ch\u0153ur, s\u2019\u00e9l\u00e8vent deux \u00e9normes piliers cylindriques supportant une belle arcade, et probablement reli\u00e9s \u00e0 l\u2019origine par un jub\u00e9 auquel on acc\u00e9dait par le petit escalier pratiqu\u00e9 dans le pilier de droite.<\/p>\r\n<p style=\"text-align: justify;\">Le ch\u0153ur que deux trav\u00e9es s\u00e9parent de ses b\u00e0s-c\u00f4t\u00e9s, se termine par un chevet droit perc\u00e9 d'une fen\u00eatre \u00e0 meneaux flamboyant contenant les restes d'une belle verri\u00e8re de la passion. Le ma\u00eetre autel, ex\u00e9cut\u00e9 au XVIIe si\u00e8cle, est surmont\u00e9 d'un riche retable orn\u00e9 d'un tableau repr\u00e9sentant la c\u00e8ne et de multiples colonnettes torse charg\u00e9es de pampre est de raisin que becquettent des colombes. A droite et \u00e0 gauche de l'autel, on remarque les statues magistrales de Saint-Barth\u00e9lemy et de Saint-Jacques au-dessus desquelles on a plac\u00e9, au si\u00e8cle dernier, le portrait d'un \u00e9v\u00eaque, bienfaiteurs de cette \u00e9glise et celui d'une sainte religieuse. Enfin, sur le lambris du c\u0153ur, sont peints seize tableaux qui reproduisent, semble-t-il, plusieurs sc\u00e8nes de la passion<a href=\"#42\">(42)<\/a>.<\/p>\r\n<a name=\"41\"><\/a>(41)Jean le Moal, marchand \u00e0 Pouldavid, signa en 1663 l\u2019aveu que Jan Le Joncour, procureur fabrice de la chapelle Saint Jacques, rendit au fief de Lespervez pour une partie du village de Lesneven sur lequel feu Maitre Pierre Gu\u00e9zengar avait l\u00e9gu\u00e9 \u00e0 la chapelle une rente de 4 combles de seigle\r\n<a name=\"42\"><\/a>(42)Bull. arch\u00e9ol. du Finist\u00e8re, 1910, p.206\t\t\t\t\t\t <\/div>\r\n\t\t\t\t\t\t\t\r\n\t\t\t\t\t <\/div>\r\n\t\t\t\t\t \r\n\t\t\t\t <\/div>\r\n <script>\r\n\t\tjQuery(function () {\r\n\t\t\tjQuery('#myTab_186 a:first').tab('show')\r\n\t\t});\r\n\t\t\r\n\t\t\t\tjQuery(function(){\r\n\t\t\tvar b=\"fadeIn\";\r\n\t\t\tvar c;\r\n\t\t\tvar a;\r\n\t\t\td(jQuery(\"#myTab_186 a\"),jQuery(\"#tab-content_186\"));function d(e,f,g){\r\n\t\t\t\te.click(function(i){\r\n\t\t\t\t\ti.preventDefault();\r\n\t\t\t\t\tjQuery(this).tab(\"show\");\r\n\t\t\t\t\tvar h=jQuery(this).data(\"easein\");\r\n\t\t\t\t\tif(c){c.removeClass(a);}\r\n\t\t\t\t\tif(h){f.find(\"div.active\").addClass(\"animated \"+h);a=h;}\r\n\t\t\t\t\telse{if(g){f.find(\"div.active\").addClass(\"animated \"+g);a=g;}else{f.find(\"div.active\").addClass(\"animated \"+b);a=b;}}c=f.find(\"div.active\");\r\n\t\t\t\t});\r\n\t\t\t}\r\n\t\t});\r\n\t\t\r\n\r\n\t\tfunction do_resize(){\r\n\r\n\t\t\tvar width=jQuery( '.tab-content .tab-pane iframe' ).width();\r\n\t\t\tvar height=jQuery( '.tab-content .tab-pane iframe' ).height();\r\n\r\n\t\t\tvar toggleSize = true;\r\n\t\t\tjQuery('iframe').animate({\r\n\t\t\t    width: toggleSize ? width : 640,\r\n\t\t\t    height: toggleSize ? height : 360\r\n\t\t\t  }, 250);\r\n\r\n\t\t\t  toggleSize = !toggleSize;\r\n\t\t}\r\n\r\n\r\n\t<\/script>\r\n\t\t\t\t\r\n\t\t\t<\/p>\n","protected":false},"excerpt":{"rendered":"<p>Cette monographie provient des archives d\u00e9partementales du Finist\u00e8re, sous la c\u00f4te 16 J 59. Elle a \u00e9t\u00e9 r\u00e9dig\u00e9e\u00a0par Gaston Conen de Saint-Luc,\u00a0\u00a0propri\u00e9taire du ch\u00e2teau du Guilguiffin (Landudec) au d\u00e9but du si\u00e8cle dernier.<\/p>\n","protected":false},"author":1,"featured_media":0,"parent":0,"menu_order":0,"comment_status":"closed","ping_status":"closed","template":"","meta":{"footnotes":""},"class_list":["post-63","page","type-page","status-publish","hentry"],"_links":{"self":[{"href":"https:\/\/amzer-dremenet.fr\/wordpress\/index.php?rest_route=\/wp\/v2\/pages\/63","targetHints":{"allow":["GET"]}}],"collection":[{"href":"https:\/\/amzer-dremenet.fr\/wordpress\/index.php?rest_route=\/wp\/v2\/pages"}],"about":[{"href":"https:\/\/amzer-dremenet.fr\/wordpress\/index.php?rest_route=\/wp\/v2\/types\/page"}],"author":[{"embeddable":true,"href":"https:\/\/amzer-dremenet.fr\/wordpress\/index.php?rest_route=\/wp\/v2\/users\/1"}],"replies":[{"embeddable":true,"href":"https:\/\/amzer-dremenet.fr\/wordpress\/index.php?rest_route=%2Fwp%2Fv2%2Fcomments&post=63"}],"version-history":[{"count":4,"href":"https:\/\/amzer-dremenet.fr\/wordpress\/index.php?rest_route=\/wp\/v2\/pages\/63\/revisions"}],"predecessor-version":[{"id":195,"href":"https:\/\/amzer-dremenet.fr\/wordpress\/index.php?rest_route=\/wp\/v2\/pages\/63\/revisions\/195"}],"wp:attachment":[{"href":"https:\/\/amzer-dremenet.fr\/wordpress\/index.php?rest_route=%2Fwp%2Fv2%2Fmedia&parent=63"}],"curies":[{"name":"wp","href":"https:\/\/api.w.org\/{rel}","templated":true}]}}